{"id":43275,"date":"2025-04-24T11:28:08","date_gmt":"2025-04-24T09:28:08","guid":{"rendered":"https:\/\/rrgsuisse.ch\/?page_id=43275"},"modified":"2026-04-08T11:33:26","modified_gmt":"2026-04-08T09:33:26","slug":"renault-pro","status":"publish","type":"page","link":"https:\/\/rrgsuisse.ch\/fr\/vehicules-neufs\/gamme-vehicules-neufs-renault\/renault-pro","title":{"rendered":"Renault PRO+"},"content":{"rendered":"\t\t<div data-elementor-type=\"wp-page\" data-elementor-id=\"43275\" class=\"elementor elementor-43275\" data-elementor-post-type=\"page\">\n\t\t\t\t\t\t<section class=\"elementor-section elementor-top-section elementor-element elementor-element-c772aab elementor-section-full_width elementor-section-height-default elementor-section-height-default\" data-id=\"c772aab\" data-element_type=\"section\" data-e-type=\"section\">\n\t\t\t\t\t\t<div class=\"elementor-container elementor-column-gap-default\">\n\t\t\t\t\t<div class=\"elementor-column elementor-col-100 elementor-top-column elementor-element elementor-element-5326b90\" data-id=\"5326b90\" data-element_type=\"column\" data-e-type=\"column\">\n\t\t\t<div class=\"elementor-widget-wrap elementor-element-populated\">\n\t\t\t\t\t\t<div class=\"elementor-element elementor-element-bab44b9 elementor--h-position-left elementor-arrows-position-inside elementor-pagination-position-inside elementor-widget elementor-widget-slides\" data-id=\"bab44b9\" data-element_type=\"widget\" data-e-type=\"widget\" data-settings=\"{&quot;navigation&quot;:&quot;both&quot;,&quot;autoplay&quot;:&quot;yes&quot;,&quot;pause_on_hover&quot;:&quot;yes&quot;,&quot;pause_on_interaction&quot;:&quot;yes&quot;,&quot;autoplay_speed&quot;:5000,&quot;infinite&quot;:&quot;yes&quot;,&quot;transition&quot;:&quot;slide&quot;,&quot;transition_speed&quot;:500}\" data-widget_type=\"slides.default\">\n\t\t\t\t<div class=\"elementor-widget-container\">\n\t\t\t\t\t\t\t\t\t<div class=\"elementor-swiper\">\n\t\t\t\t\t<div class=\"elementor-slides-wrapper elementor-main-swiper swiper\" role=\"region\" aria-roledescription=\"carousel\" aria-label=\"Slides\" dir=\"ltr\" data-animation=\"fadeInUp\">\n\t\t\t\t<div class=\"swiper-wrapper elementor-slides\">\n\t\t\t\t\t\t\t\t\t\t<div class=\"elementor-repeater-item-6169af6 swiper-slide\" role=\"group\" aria-roledescription=\"slide\"><div class=\"swiper-slide-bg\" role=\"img\" aria-label=\"7e7109d70b\"><\/div><div class=\"elementor-background-overlay\"><\/div><a class=\"swiper-slide-inner\" href=\"#vehiculeselectriques\"><div class=\"swiper-slide-contents\"><div class=\"elementor-slide-heading\">Bonus \u00e9cologique*: jusqu'\u00e0 Fr. 5 000.\u2013 + remise flotte: jusqu'\u00e0 24 %<\/div><div class=\"elementor-slide-description\">entretien et assurance inclus*<\/div><div  class=\"elementor-button elementor-slide-button elementor-size-md\">d\u00e9couvrir maintenant<\/div><\/div><\/a><\/div><div class=\"elementor-repeater-item-6d7f83f swiper-slide\" role=\"group\" aria-roledescription=\"slide\"><div class=\"swiper-slide-bg\" role=\"img\" aria-label=\"nouveau master\"><\/div><div class=\"elementor-background-overlay\"><\/div><a class=\"swiper-slide-inner\" href=\"https:\/\/rrgsuisse.ch\/fr\/vehicules-neufs\/gamme-vehicules-neufs-renault\/vehicule\/nouveau-master-electric\" target=\"_blank\"><div class=\"swiper-slide-contents\"><div class=\"elementor-slide-heading\">MASTER<br> E-TECH ELECTRIC<\/div><div class=\"elementor-slide-description\">leasing max \u00e0 0 % avec entretien et assurance inclus*<\/div><div  class=\"elementor-button elementor-slide-button elementor-size-md\">d\u00e9couvrir maintenant<\/div><\/div><\/a><\/div><div class=\"elementor-repeater-item-a26d801 swiper-slide\" role=\"group\" aria-roledescription=\"slide\"><div class=\"swiper-slide-bg\" role=\"img\" aria-label=\"kangoo van\"><\/div><div class=\"elementor-background-overlay\"><\/div><a class=\"swiper-slide-inner\" href=\"https:\/\/rrgsuisse.ch\/fr\/vehicules-neufs\/gamme-vehicules-neufs-renault\/vehicule\/kangoo-van-e-tech-electric\" target=\"_blank\"><div class=\"swiper-slide-contents\"><div class=\"elementor-slide-heading\">Kangoo Van E-Tech electric<\/div><div class=\"elementor-slide-description\">24 % de remise flotte plus 10 % de bonus \u00e9lectrique<\/div><div  class=\"elementor-button elementor-slide-button elementor-size-md\">d\u00e9couvrir maintenant<\/div><\/div><\/a><\/div><div class=\"elementor-repeater-item-cd2db25 swiper-slide\" role=\"group\" aria-roledescription=\"slide\"><div class=\"swiper-slide-bg\" role=\"img\" aria-label=\"29a18eaf74\"><\/div><div class=\"elementor-background-overlay\"><\/div><div class=\"swiper-slide-inner\" ><div class=\"swiper-slide-contents\"><div class=\"elementor-slide-heading\">NOUVEAU TRAFIC VAN E-TECH ELECTRIC<\/div><\/div><\/div><\/div>\t\t\t\t<\/div>\n\t\t\t\t\t\t\t\t\t\t\t\t\t\t\t<div class=\"elementor-swiper-button elementor-swiper-button-prev\" role=\"button\" tabindex=\"0\" aria-label=\"Previous slide\">\n\t\t\t\t\t\t\t<i aria-hidden=\"true\" class=\"eicon-chevron-left\"><\/i>\t\t\t\t\t\t<\/div>\n\t\t\t\t\t\t<div class=\"elementor-swiper-button elementor-swiper-button-next\" role=\"button\" tabindex=\"0\" aria-label=\"Next slide\">\n\t\t\t\t\t\t\t<i aria-hidden=\"true\" class=\"eicon-chevron-right\"><\/i>\t\t\t\t\t\t<\/div>\n\t\t\t\t\t\t\t\t\t\t\t\t\t\t\t\t<div class=\"swiper-pagination\"><\/div>\n\t\t\t\t\t\t\t\t\t\t\t\t<\/div>\n\t\t\t\t<\/div>\n\t\t\t\t\t\t\t\t<\/div>\n\t\t\t\t<\/div>\n\t\t\t\t\t<\/div>\n\t\t<\/div>\n\t\t\t\t\t<\/div>\n\t\t<\/section>\n\t\t\t\t<section class=\"elementor-section elementor-top-section elementor-element elementor-element-fe25bf3 elementor-section-boxed elementor-section-height-default elementor-section-height-default\" data-id=\"fe25bf3\" data-element_type=\"section\" data-e-type=\"section\">\n\t\t\t\t\t\t<div class=\"elementor-container elementor-column-gap-default\">\n\t\t\t\t\t<div class=\"elementor-column elementor-col-100 elementor-top-column elementor-element elementor-element-a8ac6ac\" data-id=\"a8ac6ac\" data-element_type=\"column\" data-e-type=\"column\">\n\t\t\t<div class=\"elementor-widget-wrap elementor-element-populated\">\n\t\t\t\t\t\t<div class=\"elementor-element elementor-element-7fc0ea5 elementor-widget elementor-widget-breadcrumbs\" data-id=\"7fc0ea5\" data-element_type=\"widget\" data-e-type=\"widget\" data-widget_type=\"breadcrumbs.default\">\n\t\t\t\t<div class=\"elementor-widget-container\">\n\t\t\t\t\t<p id=\"breadcrumbs\"><span><span><a href=\"https:\/\/rrgsuisse.ch\/fr\">Home<\/a><\/span><\/span><\/p>\t\t\t\t<\/div>\n\t\t\t\t<\/div>\n\t\t\t\t\t<\/div>\n\t\t<\/div>\n\t\t\t\t\t<\/div>\n\t\t<\/section>\n\t\t\t\t<section class=\"elementor-section elementor-top-section elementor-element elementor-element-afb968b elementor-section-boxed elementor-section-height-default elementor-section-height-default\" data-id=\"afb968b\" data-element_type=\"section\" data-e-type=\"section\">\n\t\t\t\t\t\t<div class=\"elementor-container elementor-column-gap-default\">\n\t\t\t\t\t<div class=\"elementor-column elementor-col-100 elementor-top-column elementor-element elementor-element-89ec6d5\" data-id=\"89ec6d5\" data-element_type=\"column\" data-e-type=\"column\">\n\t\t\t<div class=\"elementor-widget-wrap elementor-element-populated\">\n\t\t\t\t\t\t<div class=\"elementor-element elementor-element-8ee3cd5 elementor-widget elementor-widget-heading\" data-id=\"8ee3cd5\" data-element_type=\"widget\" data-e-type=\"widget\" data-widget_type=\"heading.default\">\n\t\t\t\t<div class=\"elementor-widget-container\">\n\t\t\t\t\t<h2 class=\"elementor-heading-title elementor-size-default\">Offres pour les professionnels<\/h2>\t\t\t\t<\/div>\n\t\t\t\t<\/div>\n\t\t\t\t<section class=\"elementor-section elementor-inner-section elementor-element elementor-element-a3ed126 elementor-section-full_width elementor-section-height-default elementor-section-height-default\" data-id=\"a3ed126\" data-element_type=\"section\" data-e-type=\"section\">\n\t\t\t\t\t\t<div class=\"elementor-container elementor-column-gap-default\">\n\t\t\t\t\t<div class=\"elementor-column elementor-col-50 elementor-inner-column elementor-element elementor-element-289396b\" data-id=\"289396b\" data-element_type=\"column\" data-e-type=\"column\">\n\t\t\t<div class=\"elementor-widget-wrap elementor-element-populated\">\n\t\t\t\t\t\t<div class=\"elementor-element elementor-element-1be5d2d elementor-widget elementor-widget-image\" data-id=\"1be5d2d\" data-element_type=\"widget\" data-e-type=\"widget\" data-widget_type=\"image.default\">\n\t\t\t\t<div class=\"elementor-widget-container\">\n\t\t\t\t\t\t\t\t\t\t\t\t\t\t\t<img fetchpriority=\"high\" decoding=\"async\" width=\"800\" height=\"450\" src=\"https:\/\/rrgsuisse.ch\/wp-content\/uploads\/2025\/04\/image-offre-professionnels-1024x576.webp\" class=\"attachment-large size-large wp-image-43384\" alt=\"\" srcset=\"https:\/\/rrgsuisse.ch\/wp-content\/uploads\/2025\/04\/image-offre-professionnels-1024x576.webp 1024w, https:\/\/rrgsuisse.ch\/wp-content\/uploads\/2025\/04\/image-offre-professionnels-300x169.webp 300w, https:\/\/rrgsuisse.ch\/wp-content\/uploads\/2025\/04\/image-offre-professionnels-768x432.webp 768w, https:\/\/rrgsuisse.ch\/wp-content\/uploads\/2025\/04\/image-offre-professionnels-1536x864.webp 1536w, https:\/\/rrgsuisse.ch\/wp-content\/uploads\/2025\/04\/image-offre-professionnels-2048x1152.webp 2048w\" sizes=\"(max-width: 800px) 100vw, 800px\" \/>\t\t\t\t\t\t\t\t\t\t\t\t\t\t\t<\/div>\n\t\t\t\t<\/div>\n\t\t\t\t\t<\/div>\n\t\t<\/div>\n\t\t\t\t<div class=\"elementor-column elementor-col-50 elementor-inner-column elementor-element elementor-element-c4a2719\" data-id=\"c4a2719\" data-element_type=\"column\" data-e-type=\"column\">\n\t\t\t<div class=\"elementor-widget-wrap elementor-element-populated\">\n\t\t\t\t\t\t<div class=\"elementor-element elementor-element-9a4d364 elementor-widget elementor-widget-heading\" data-id=\"9a4d364\" data-element_type=\"widget\" data-e-type=\"widget\" data-widget_type=\"heading.default\">\n\t\t\t\t<div class=\"elementor-widget-container\">\n\t\t\t\t\t<h3 class=\"elementor-heading-title elementor-size-default\">offres et promotions<\/h3>\t\t\t\t<\/div>\n\t\t\t\t<\/div>\n\t\t\t\t<div class=\"elementor-element elementor-element-b9af6e6 elementor-widget elementor-widget-text-editor\" data-id=\"b9af6e6\" data-element_type=\"widget\" data-e-type=\"widget\" data-widget_type=\"text-editor.default\">\n\t\t\t\t<div class=\"elementor-widget-container\">\n\t\t\t\t\t\t\t\t\t<p>Avec nos offres sur-mesure pour les professionnels, roulez toujours en toute s\u00e9r\u00e9nit\u00e9.<\/p>\t\t\t\t\t\t\t\t<\/div>\n\t\t\t\t<\/div>\n\t\t\t\t<div class=\"elementor-element elementor-element-4bd8b5b elementor-align-center elementor-widget elementor-widget-button\" data-id=\"4bd8b5b\" data-element_type=\"widget\" data-e-type=\"widget\" data-widget_type=\"button.default\">\n\t\t\t\t<div class=\"elementor-widget-container\">\n\t\t\t\t\t\t\t\t\t<div class=\"elementor-button-wrapper\">\n\t\t\t\t\t<a class=\"elementor-button elementor-button-link elementor-size-sm\" href=\"https:\/\/rrgsuisse.ch\/fr\/vehicules-neufs\/gamme-vehicules-neufs-renault\/offres-renault-du-moment?e-filter-5f78b89-type-offre-renault=offre-vehicule-utilitaire\" target=\"_blank\">\n\t\t\t\t\t\t<span class=\"elementor-button-content-wrapper\">\n\t\t\t\t\t\t\t\t\t<span class=\"elementor-button-text\">offres actuelles<\/span>\n\t\t\t\t\t<\/span>\n\t\t\t\t\t<\/a>\n\t\t\t\t<\/div>\n\t\t\t\t\t\t\t\t<\/div>\n\t\t\t\t<\/div>\n\t\t\t\t\t<\/div>\n\t\t<\/div>\n\t\t\t\t\t<\/div>\n\t\t<\/section>\n\t\t\t\t\t<\/div>\n\t\t<\/div>\n\t\t\t\t\t<\/div>\n\t\t<\/section>\n\t\t\t\t<section class=\"elementor-section elementor-top-section elementor-element elementor-element-b6195bf elementor-section-boxed elementor-section-height-default elementor-section-height-default\" data-id=\"b6195bf\" data-element_type=\"section\" data-e-type=\"section\">\n\t\t\t\t\t\t<div class=\"elementor-container elementor-column-gap-default\">\n\t\t\t\t\t<div class=\"elementor-column elementor-col-100 elementor-top-column elementor-element elementor-element-4d76c17\" data-id=\"4d76c17\" data-element_type=\"column\" data-e-type=\"column\">\n\t\t\t<div class=\"elementor-widget-wrap elementor-element-populated\">\n\t\t\t\t\t\t<div class=\"elementor-element elementor-element-acac06e elementor-widget elementor-widget-heading\" data-id=\"acac06e\" data-element_type=\"widget\" data-e-type=\"widget\" data-widget_type=\"heading.default\">\n\t\t\t\t<div class=\"elementor-widget-container\">\n\t\t\t\t\t<h5 class=\"elementor-heading-title elementor-size-default\">notre gamme de v\u00e9hicules utilitaires<\/h5>\t\t\t\t<\/div>\n\t\t\t\t<\/div>\n\t\t\t\t<div class=\"elementor-element elementor-element-4f04c16 elementor-widget elementor-widget-heading\" data-id=\"4f04c16\" data-element_type=\"widget\" data-e-type=\"widget\" data-widget_type=\"heading.default\">\n\t\t\t\t<div class=\"elementor-widget-container\">\n\t\t\t\t\t<h2 class=\"elementor-heading-title elementor-size-default\">Votre nouveau v\u00e9hicule utilitaire<\/h2>\t\t\t\t<\/div>\n\t\t\t\t<\/div>\n\t\t\t\t<div class=\"elementor-element elementor-element-95e1fe8 elementor-widget__width-initial elementor-widget elementor-widget-text-editor\" data-id=\"95e1fe8\" data-element_type=\"widget\" data-e-type=\"widget\" data-widget_type=\"text-editor.default\">\n\t\t\t\t<div class=\"elementor-widget-container\">\n\t\t\t\t\t\t\t\t\t<p>\u00c9tudiez directement le v\u00e9hicule utilitaire de votre choix et gagnez du temps. Renseignez-vous sur le design, les fonctions et les \u00e9quipements qui font de lui la meilleure solution pour votre entreprise.<\/p>\t\t\t\t\t\t\t\t<\/div>\n\t\t\t\t<\/div>\n\t\t\t\t\t<\/div>\n\t\t<\/div>\n\t\t\t\t\t<\/div>\n\t\t<\/section>\n\t\t\t\t<section class=\"elementor-section elementor-top-section elementor-element elementor-element-4f98540 elementor-section-boxed elementor-section-height-default elementor-section-height-default\" data-id=\"4f98540\" data-element_type=\"section\" data-e-type=\"section\">\n\t\t\t\t\t\t<div class=\"elementor-container elementor-column-gap-default\">\n\t\t\t\t\t<div class=\"elementor-column elementor-col-100 elementor-top-column elementor-element elementor-element-7c2d313\" data-id=\"7c2d313\" data-element_type=\"column\" data-e-type=\"column\">\n\t\t\t<div class=\"elementor-widget-wrap elementor-element-populated\">\n\t\t\t\t\t\t<div class=\"elementor-element elementor-element-d8e2c3d elementor-grid-3 elementor-grid-tablet-2 elementor-grid-mobile-1 elementor-widget elementor-widget-loop-grid\" data-id=\"d8e2c3d\" data-element_type=\"widget\" data-e-type=\"widget\" data-settings=\"{&quot;template_id&quot;:34305,&quot;_skin&quot;:&quot;post&quot;,&quot;columns&quot;:&quot;3&quot;,&quot;columns_tablet&quot;:&quot;2&quot;,&quot;columns_mobile&quot;:&quot;1&quot;,&quot;edit_handle_selector&quot;:&quot;[data-elementor-type=\\&quot;loop-item\\&quot;]&quot;,&quot;row_gap&quot;:{&quot;unit&quot;:&quot;px&quot;,&quot;size&quot;:&quot;&quot;,&quot;sizes&quot;:[]},&quot;row_gap_tablet&quot;:{&quot;unit&quot;:&quot;px&quot;,&quot;size&quot;:&quot;&quot;,&quot;sizes&quot;:[]},&quot;row_gap_mobile&quot;:{&quot;unit&quot;:&quot;px&quot;,&quot;size&quot;:&quot;&quot;,&quot;sizes&quot;:[]}}\" data-widget_type=\"loop-grid.post\">\n\t\t\t\t<div class=\"elementor-widget-container\">\n\t\t\t\t\t\t\t<div class=\"elementor-loop-container elementor-grid\" role=\"list\">\n\t\t<style id=\"loop-34305\">.elementor-34305 .elementor-element.elementor-element-6ce05ad > .elementor-widget-wrap > .elementor-widget:not(.elementor-widget__width-auto):not(.elementor-widget__width-initial):not(:last-child):not(.elementor-absolute){margin-block-end:10px;}.elementor-widget-heading .elementor-heading-title{font-family:var( --e-global-typography-primary-font-family ), Sans-serif;font-weight:var( --e-global-typography-primary-font-weight );color:var( --e-global-color-primary );}.elementor-34305 .elementor-element.elementor-element-5fbb839{text-align:start;}.elementor-34305 .elementor-element.elementor-element-5fbb839 .elementor-heading-title{font-family:\"NouvelR\", Sans-serif;font-size:12px;font-weight:300;color:var( --e-global-color-text );}.elementor-34305 .elementor-element.elementor-element-5fbb839 > .elementor-widget-container{margin:0px 0px -8px 0px;padding:0px 0px 0px 0px;}.elementor-34305 .elementor-element.elementor-element-6d2e518{text-align:start;}.elementor-34305 .elementor-element.elementor-element-6d2e518 .elementor-heading-title{font-family:\"NouvelR\", Sans-serif;font-size:12px;font-weight:300;color:var( --e-global-color-text );}.elementor-34305 .elementor-element.elementor-element-6d2e518 > .elementor-widget-container{margin:0px 0px -8px 0px;padding:0px 0px 0px 0px;}.elementor-34305 .elementor-element.elementor-element-5d91073{text-align:start;width:auto;max-width:auto;}.elementor-34305 .elementor-element.elementor-element-5d91073 .elementor-heading-title{font-family:\"NouvelR\", Sans-serif;font-size:12px;font-weight:700;line-height:12px;color:#0091DA;}.elementor-34305 .elementor-element.elementor-element-5d91073 > .elementor-widget-container{margin:0px 0px 5px 0px;padding:3px 8px 3px 8px;border-style:solid;border-width:1px 1px 1px 1px;border-color:#0091DA;border-radius:4px 4px 4px 4px;}.elementor-widget-theme-post-title .elementor-heading-title{font-family:var( --e-global-typography-primary-font-family ), Sans-serif;font-weight:var( --e-global-typography-primary-font-weight );color:var( --e-global-color-primary );}.elementor-34305 .elementor-element.elementor-element-8bb9143{text-align:start;}.elementor-34305 .elementor-element.elementor-element-8bb9143 .elementor-heading-title{font-family:\"NouvelR\", Sans-serif;font-size:17px;font-weight:700;text-transform:uppercase;color:var( --e-global-color-text );}.elementor-34305 .elementor-element.elementor-element-8bb9143 > .elementor-widget-container{margin:0px 0px 0px 0px;padding:0px 0px 0px 0px;}.elementor-34305 .elementor-element.elementor-element-563e3fb{text-align:start;}.elementor-34305 .elementor-element.elementor-element-563e3fb .elementor-heading-title{font-family:\"NouvelR\", Sans-serif;font-size:15px;font-weight:300;color:var( --e-global-color-text );}.elementor-34305 .elementor-element.elementor-element-563e3fb > .elementor-widget-container{margin:0px 0px 0px 0px;padding:0px 0px 0px 0px;}.elementor-widget-button .elementor-button{font-family:var( --e-global-typography-accent-font-family ), Sans-serif;font-weight:var( --e-global-typography-accent-font-weight );background-color:var( --e-global-color-accent );}.elementor-34305 .elementor-element.elementor-element-5e7b5ec .elementor-button{font-family:\"NouvelR\", Sans-serif;font-weight:400;fill:var( --e-global-color-text );color:var( --e-global-color-text );background-color:#FFFFFF00;border-style:solid;border-width:0px 0px 2px 0px;border-color:var( --e-global-color-a45365f );border-radius:0px 0px 0px 0px;padding:0px 0px 0px 0px;}\/* Start custom CSS for heading, class: .elementor-element-5d91073 *\/.elementor-34305 .elementor-element.elementor-element-5d91073{\n    line-height: 12px;\n}\/* End custom CSS *\/<\/style>\t\t<div data-elementor-type=\"loop-item\" data-elementor-id=\"34305\" class=\"elementor elementor-34305 e-loop-item e-loop-item-40414 post-40414 vehicule-renault type-vehicule-renault status-publish hentry type-vehicule-renault-vehicules-utilitaires\" data-elementor-post-type=\"elementor_library\" data-custom-edit-handle=\"1\">\n\t\t\t\t\t<section class=\"elementor-section elementor-top-section elementor-element elementor-element-7c4b5fe elementor-section-boxed elementor-section-height-default elementor-section-height-default\" data-id=\"7c4b5fe\" data-element_type=\"section\" data-e-type=\"section\">\n\t\t\t\t\t\t<div class=\"elementor-container elementor-column-gap-default\">\n\t\t\t\t\t<div class=\"elementor-column elementor-col-100 elementor-top-column elementor-element elementor-element-6ce05ad\" data-id=\"6ce05ad\" data-element_type=\"column\" data-e-type=\"column\">\n\t\t\t<div class=\"elementor-widget-wrap elementor-element-populated\">\n\t\t\t\t\t\t<div class=\"elementor-element elementor-element-8e0c243 elementor-widget elementor-widget-heading\" data-id=\"8e0c243\" data-element_type=\"widget\" data-e-type=\"widget\" data-widget_type=\"heading.default\">\n\t\t\t\t<div class=\"elementor-widget-container\">\n\t\t\t\t\t<div class=\"elementor-heading-title elementor-size-default\"><a href=\"https:\/\/rrgsuisse.ch\/fr\/vehicules-neufs\/gamme-vehicules-neufs-renault\/vehicule\/kangoo-van-e-tech-electric\"><img decoding=\"async\" src=\"https:\/\/fr.renault.ch\/agg\/vn\/unique\/ONE_DACIA_PP_LARGE_DENSITY1\/r_brandSite_carPicker_1.png?uri=https%3A%2F%2Fch.co.rplug.renault.com%2Fproduct%2Fmodel%2FKV1%2Fneuer-kangoo-van-e-tech-electric%2Fc%2FA\" \/><\/a><\/div>\t\t\t\t<\/div>\n\t\t\t\t<\/div>\n\t\t\t\t<div class=\"elementor-element elementor-element-5fbb839 elementor-widget elementor-widget-heading\" data-id=\"5fbb839\" data-element_type=\"widget\" data-e-type=\"widget\" data-settings=\"{&quot;display_condition_enable&quot;:&quot;yes&quot;}\" data-widget_type=\"heading.default\">\n\t\t\t\t<div class=\"elementor-widget-container\">\n\t\t\t\t\t<div class=\"elementor-heading-title elementor-size-default\">\u00a0<\/div>\t\t\t\t<\/div>\n\t\t\t\t<\/div>\n\t\t\t\t<div class=\"elementor-element elementor-element-5d91073 elementor-widget__width-auto elementor-widget elementor-widget-heading\" data-id=\"5d91073\" data-element_type=\"widget\" data-e-type=\"widget\" data-widget_type=\"heading.default\">\n\t\t\t\t<div class=\"elementor-widget-container\">\n\t\t\t\t\t<span class=\"elementor-heading-title elementor-size-default\">electric<\/span>\t\t\t\t<\/div>\n\t\t\t\t<\/div>\n\t\t\t\t<div class=\"elementor-element elementor-element-8bb9143 elementor-widget elementor-widget-theme-post-title elementor-page-title elementor-widget-heading\" data-id=\"8bb9143\" data-element_type=\"widget\" data-e-type=\"widget\" data-widget_type=\"theme-post-title.default\">\n\t\t\t\t<div class=\"elementor-widget-container\">\n\t\t\t\t\t<div class=\"elementor-heading-title elementor-size-default\"><a href=\"https:\/\/rrgsuisse.ch\/fr\/vehicules-neufs\/gamme-vehicules-neufs-renault\/vehicule\/kangoo-van-e-tech-electric\">KANGOO VAN E-TECH ELECTRIC<\/a><\/div>\t\t\t\t<\/div>\n\t\t\t\t<\/div>\n\t\t\t\t<div class=\"elementor-element elementor-element-563e3fb elementor-widget elementor-widget-heading\" data-id=\"563e3fb\" data-element_type=\"widget\" data-e-type=\"widget\" data-settings=\"{&quot;display_condition_enable&quot;:&quot;yes&quot;}\" data-widget_type=\"heading.default\">\n\t\t\t\t<div class=\"elementor-widget-container\">\n\t\t\t\t\t<div class=\"elementor-heading-title elementor-size-default\"><a href=\"https:\/\/rrgsuisse.ch\/fr\/vehicules-neufs\/gamme-vehicules-neufs-renault\/vehicule\/kangoo-van-e-tech-electric\">\u00e0 partir de CHF 24 453.-<\/a><\/div>\t\t\t\t<\/div>\n\t\t\t\t<\/div>\n\t\t\t\t<div class=\"elementor-element elementor-element-5e7b5ec elementor-align-left elementor-widget elementor-widget-button\" data-id=\"5e7b5ec\" data-element_type=\"widget\" data-e-type=\"widget\" data-widget_type=\"button.default\">\n\t\t\t\t<div class=\"elementor-widget-container\">\n\t\t\t\t\t\t\t\t\t<div class=\"elementor-button-wrapper\">\n\t\t\t\t\t<a class=\"elementor-button elementor-button-link elementor-size-sm\" href=\"https:\/\/rrgsuisse.ch\/fr\/vehicules-neufs\/gamme-vehicules-neufs-renault\/vehicule\/kangoo-van-e-tech-electric\">\n\t\t\t\t\t\t<span class=\"elementor-button-content-wrapper\">\n\t\t\t\t\t\t\t\t\t<span class=\"elementor-button-text\">D\u00e9couvrir<\/span>\n\t\t\t\t\t<\/span>\n\t\t\t\t\t<\/a>\n\t\t\t\t<\/div>\n\t\t\t\t\t\t\t\t<\/div>\n\t\t\t\t<\/div>\n\t\t\t\t\t<\/div>\n\t\t<\/div>\n\t\t\t\t\t<\/div>\n\t\t<\/section>\n\t\t\t\t<\/div>\n\t\t\t\t<div data-elementor-type=\"loop-item\" data-elementor-id=\"34305\" class=\"elementor elementor-34305 e-loop-item e-loop-item-34636 post-34636 vehicule-renault type-vehicule-renault status-publish hentry type-vehicule-renault-vehicules-utilitaires\" data-elementor-post-type=\"elementor_library\" data-custom-edit-handle=\"1\">\n\t\t\t\t\t<section class=\"elementor-section elementor-top-section elementor-element elementor-element-7c4b5fe elementor-section-boxed elementor-section-height-default elementor-section-height-default\" data-id=\"7c4b5fe\" data-element_type=\"section\" data-e-type=\"section\">\n\t\t\t\t\t\t<div class=\"elementor-container elementor-column-gap-default\">\n\t\t\t\t\t<div class=\"elementor-column elementor-col-100 elementor-top-column elementor-element elementor-element-6ce05ad\" data-id=\"6ce05ad\" data-element_type=\"column\" data-e-type=\"column\">\n\t\t\t<div class=\"elementor-widget-wrap elementor-element-populated\">\n\t\t\t\t\t\t<div class=\"elementor-element elementor-element-8e0c243 elementor-widget elementor-widget-heading\" data-id=\"8e0c243\" data-element_type=\"widget\" data-e-type=\"widget\" data-widget_type=\"heading.default\">\n\t\t\t\t<div class=\"elementor-widget-container\">\n\t\t\t\t\t<div class=\"elementor-heading-title elementor-size-default\"><a href=\"https:\/\/rrgsuisse.ch\/fr\/vehicules-neufs\/gamme-vehicules-neufs-renault\/vehicule\/kangoo-van\"><img decoding=\"async\" src=\"https:\/\/fr.renault.ch\/agg\/vn\/unique\/ONE_DACIA_PP_LARGE_DENSITY1\/r_brandSite_carPicker_1.png?uri=https%3A%2F%2Fch.co.rplug.renault.com%2Fproduct%2Fmodel%2FKF1%2Fkangoo-van%2Fc%2FA-OQNG\" \/><\/a><\/div>\t\t\t\t<\/div>\n\t\t\t\t<\/div>\n\t\t\t\t<div class=\"elementor-element elementor-element-5fbb839 elementor-widget elementor-widget-heading\" data-id=\"5fbb839\" data-element_type=\"widget\" data-e-type=\"widget\" data-settings=\"{&quot;display_condition_enable&quot;:&quot;yes&quot;}\" data-widget_type=\"heading.default\">\n\t\t\t\t<div class=\"elementor-widget-container\">\n\t\t\t\t\t<div class=\"elementor-heading-title elementor-size-default\">\u00a0<\/div>\t\t\t\t<\/div>\n\t\t\t\t<\/div>\n\t\t\t\t<div class=\"elementor-element elementor-element-8bb9143 elementor-widget elementor-widget-theme-post-title elementor-page-title elementor-widget-heading\" data-id=\"8bb9143\" data-element_type=\"widget\" data-e-type=\"widget\" data-widget_type=\"theme-post-title.default\">\n\t\t\t\t<div class=\"elementor-widget-container\">\n\t\t\t\t\t<div class=\"elementor-heading-title elementor-size-default\"><a href=\"https:\/\/rrgsuisse.ch\/fr\/vehicules-neufs\/gamme-vehicules-neufs-renault\/vehicule\/kangoo-van\">KANGOO VAN<\/a><\/div>\t\t\t\t<\/div>\n\t\t\t\t<\/div>\n\t\t\t\t<div class=\"elementor-element elementor-element-563e3fb elementor-widget elementor-widget-heading\" data-id=\"563e3fb\" data-element_type=\"widget\" data-e-type=\"widget\" data-settings=\"{&quot;display_condition_enable&quot;:&quot;yes&quot;}\" data-widget_type=\"heading.default\">\n\t\t\t\t<div class=\"elementor-widget-container\">\n\t\t\t\t\t<div class=\"elementor-heading-title elementor-size-default\"><a href=\"https:\/\/rrgsuisse.ch\/fr\/vehicules-neufs\/gamme-vehicules-neufs-renault\/vehicule\/kangoo-van\">\u00e0 partir de CHF 25 900.-<\/a><\/div>\t\t\t\t<\/div>\n\t\t\t\t<\/div>\n\t\t\t\t<div class=\"elementor-element elementor-element-5e7b5ec elementor-align-left elementor-widget elementor-widget-button\" data-id=\"5e7b5ec\" data-element_type=\"widget\" data-e-type=\"widget\" data-widget_type=\"button.default\">\n\t\t\t\t<div class=\"elementor-widget-container\">\n\t\t\t\t\t\t\t\t\t<div class=\"elementor-button-wrapper\">\n\t\t\t\t\t<a class=\"elementor-button elementor-button-link elementor-size-sm\" href=\"https:\/\/rrgsuisse.ch\/fr\/vehicules-neufs\/gamme-vehicules-neufs-renault\/vehicule\/kangoo-van\">\n\t\t\t\t\t\t<span class=\"elementor-button-content-wrapper\">\n\t\t\t\t\t\t\t\t\t<span class=\"elementor-button-text\">D\u00e9couvrir<\/span>\n\t\t\t\t\t<\/span>\n\t\t\t\t\t<\/a>\n\t\t\t\t<\/div>\n\t\t\t\t\t\t\t\t<\/div>\n\t\t\t\t<\/div>\n\t\t\t\t\t<\/div>\n\t\t<\/div>\n\t\t\t\t\t<\/div>\n\t\t<\/section>\n\t\t\t\t<\/div>\n\t\t\t\t<div data-elementor-type=\"loop-item\" data-elementor-id=\"34305\" class=\"elementor elementor-34305 e-loop-item e-loop-item-34638 post-34638 vehicule-renault type-vehicule-renault status-publish hentry type-vehicule-renault-vehicules-utilitaires\" data-elementor-post-type=\"elementor_library\" data-custom-edit-handle=\"1\">\n\t\t\t\t\t<section class=\"elementor-section elementor-top-section elementor-element elementor-element-7c4b5fe elementor-section-boxed elementor-section-height-default elementor-section-height-default\" data-id=\"7c4b5fe\" data-element_type=\"section\" data-e-type=\"section\">\n\t\t\t\t\t\t<div class=\"elementor-container elementor-column-gap-default\">\n\t\t\t\t\t<div class=\"elementor-column elementor-col-100 elementor-top-column elementor-element elementor-element-6ce05ad\" data-id=\"6ce05ad\" data-element_type=\"column\" data-e-type=\"column\">\n\t\t\t<div class=\"elementor-widget-wrap elementor-element-populated\">\n\t\t\t\t\t\t<div class=\"elementor-element elementor-element-8e0c243 elementor-widget elementor-widget-heading\" data-id=\"8e0c243\" data-element_type=\"widget\" data-e-type=\"widget\" data-widget_type=\"heading.default\">\n\t\t\t\t<div class=\"elementor-widget-container\">\n\t\t\t\t\t<div class=\"elementor-heading-title elementor-size-default\"><a href=\"https:\/\/rrgsuisse.ch\/fr\/vehicules-neufs\/gamme-vehicules-neufs-renault\/vehicule\/trafic-van\"><img decoding=\"async\" src=\"https:\/\/fr.renault.ch\/agg\/vn\/unique\/ONE_DACIA_PP_LARGE_DENSITY1\/r_brandSite_carPicker_1.png?uri=https%3A%2F%2Fcdn.group.renault.com%2Fpackshots%2Frenault-trafic-van-j82-ph2-my25\" \/><\/a><\/div>\t\t\t\t<\/div>\n\t\t\t\t<\/div>\n\t\t\t\t<div class=\"elementor-element elementor-element-5fbb839 elementor-widget elementor-widget-heading\" data-id=\"5fbb839\" data-element_type=\"widget\" data-e-type=\"widget\" data-settings=\"{&quot;display_condition_enable&quot;:&quot;yes&quot;}\" data-widget_type=\"heading.default\">\n\t\t\t\t<div class=\"elementor-widget-container\">\n\t\t\t\t\t<div class=\"elementor-heading-title elementor-size-default\">\u00a0<\/div>\t\t\t\t<\/div>\n\t\t\t\t<\/div>\n\t\t\t\t<div class=\"elementor-element elementor-element-8bb9143 elementor-widget elementor-widget-theme-post-title elementor-page-title elementor-widget-heading\" data-id=\"8bb9143\" data-element_type=\"widget\" data-e-type=\"widget\" data-widget_type=\"theme-post-title.default\">\n\t\t\t\t<div class=\"elementor-widget-container\">\n\t\t\t\t\t<div class=\"elementor-heading-title elementor-size-default\"><a href=\"https:\/\/rrgsuisse.ch\/fr\/vehicules-neufs\/gamme-vehicules-neufs-renault\/vehicule\/trafic-van\">TRAFIC VAN<\/a><\/div>\t\t\t\t<\/div>\n\t\t\t\t<\/div>\n\t\t\t\t<div class=\"elementor-element elementor-element-563e3fb elementor-widget elementor-widget-heading\" data-id=\"563e3fb\" data-element_type=\"widget\" data-e-type=\"widget\" data-settings=\"{&quot;display_condition_enable&quot;:&quot;yes&quot;}\" data-widget_type=\"heading.default\">\n\t\t\t\t<div class=\"elementor-widget-container\">\n\t\t\t\t\t<div class=\"elementor-heading-title elementor-size-default\"><a href=\"https:\/\/rrgsuisse.ch\/fr\/vehicules-neufs\/gamme-vehicules-neufs-renault\/vehicule\/trafic-van\">\u00e0 partir de CHF 33 800.-<\/a><\/div>\t\t\t\t<\/div>\n\t\t\t\t<\/div>\n\t\t\t\t<div class=\"elementor-element elementor-element-5e7b5ec elementor-align-left elementor-widget elementor-widget-button\" data-id=\"5e7b5ec\" data-element_type=\"widget\" data-e-type=\"widget\" data-widget_type=\"button.default\">\n\t\t\t\t<div class=\"elementor-widget-container\">\n\t\t\t\t\t\t\t\t\t<div class=\"elementor-button-wrapper\">\n\t\t\t\t\t<a class=\"elementor-button elementor-button-link elementor-size-sm\" href=\"https:\/\/rrgsuisse.ch\/fr\/vehicules-neufs\/gamme-vehicules-neufs-renault\/vehicule\/trafic-van\">\n\t\t\t\t\t\t<span class=\"elementor-button-content-wrapper\">\n\t\t\t\t\t\t\t\t\t<span class=\"elementor-button-text\">D\u00e9couvrir<\/span>\n\t\t\t\t\t<\/span>\n\t\t\t\t\t<\/a>\n\t\t\t\t<\/div>\n\t\t\t\t\t\t\t\t<\/div>\n\t\t\t\t<\/div>\n\t\t\t\t\t<\/div>\n\t\t<\/div>\n\t\t\t\t\t<\/div>\n\t\t<\/section>\n\t\t\t\t<\/div>\n\t\t\t\t<div data-elementor-type=\"loop-item\" data-elementor-id=\"34305\" class=\"elementor elementor-34305 e-loop-item e-loop-item-40415 post-40415 vehicule-renault type-vehicule-renault status-publish hentry type-vehicule-renault-vehicules-utilitaires\" data-elementor-post-type=\"elementor_library\" data-custom-edit-handle=\"1\">\n\t\t\t\t\t<section class=\"elementor-section elementor-top-section elementor-element elementor-element-7c4b5fe elementor-section-boxed elementor-section-height-default elementor-section-height-default\" data-id=\"7c4b5fe\" data-element_type=\"section\" data-e-type=\"section\">\n\t\t\t\t\t\t<div class=\"elementor-container elementor-column-gap-default\">\n\t\t\t\t\t<div class=\"elementor-column elementor-col-100 elementor-top-column elementor-element elementor-element-6ce05ad\" data-id=\"6ce05ad\" data-element_type=\"column\" data-e-type=\"column\">\n\t\t\t<div class=\"elementor-widget-wrap elementor-element-populated\">\n\t\t\t\t\t\t<div class=\"elementor-element elementor-element-8e0c243 elementor-widget elementor-widget-heading\" data-id=\"8e0c243\" data-element_type=\"widget\" data-e-type=\"widget\" data-widget_type=\"heading.default\">\n\t\t\t\t<div class=\"elementor-widget-container\">\n\t\t\t\t\t<div class=\"elementor-heading-title elementor-size-default\"><a href=\"https:\/\/rrgsuisse.ch\/fr\/vehicules-neufs\/gamme-vehicules-neufs-renault\/vehicule\/trafic-van-e-tech-electric\"><img decoding=\"async\" src=\"https:\/\/fr.renault.ch\/agg\/vn\/unique\/ONE_DACIA_PP_LARGE_DENSITY1\/r_brandSite_carPicker_1.png?uri=https%3A%2F%2Fcdn.group.renault.com%2Fpackshots%2Frenault-trafic-van-e-tech-j82-ph2-my25\" \/><\/a><\/div>\t\t\t\t<\/div>\n\t\t\t\t<\/div>\n\t\t\t\t<div class=\"elementor-element elementor-element-5fbb839 elementor-widget elementor-widget-heading\" data-id=\"5fbb839\" data-element_type=\"widget\" data-e-type=\"widget\" data-settings=\"{&quot;display_condition_enable&quot;:&quot;yes&quot;}\" data-widget_type=\"heading.default\">\n\t\t\t\t<div class=\"elementor-widget-container\">\n\t\t\t\t\t<div class=\"elementor-heading-title elementor-size-default\">\u00a0<\/div>\t\t\t\t<\/div>\n\t\t\t\t<\/div>\n\t\t\t\t<div class=\"elementor-element elementor-element-8bb9143 elementor-widget elementor-widget-theme-post-title elementor-page-title elementor-widget-heading\" data-id=\"8bb9143\" data-element_type=\"widget\" data-e-type=\"widget\" data-widget_type=\"theme-post-title.default\">\n\t\t\t\t<div class=\"elementor-widget-container\">\n\t\t\t\t\t<div class=\"elementor-heading-title elementor-size-default\"><a href=\"https:\/\/rrgsuisse.ch\/fr\/vehicules-neufs\/gamme-vehicules-neufs-renault\/vehicule\/trafic-van-e-tech-electric\">TRAFIC VAN E-TECH ELECTRIC<\/a><\/div>\t\t\t\t<\/div>\n\t\t\t\t<\/div>\n\t\t\t\t<div class=\"elementor-element elementor-element-563e3fb elementor-widget elementor-widget-heading\" data-id=\"563e3fb\" data-element_type=\"widget\" data-e-type=\"widget\" data-settings=\"{&quot;display_condition_enable&quot;:&quot;yes&quot;}\" data-widget_type=\"heading.default\">\n\t\t\t\t<div class=\"elementor-widget-container\">\n\t\t\t\t\t<div class=\"elementor-heading-title elementor-size-default\"><a href=\"https:\/\/rrgsuisse.ch\/fr\/vehicules-neufs\/gamme-vehicules-neufs-renault\/vehicule\/trafic-van-e-tech-electric\">\u00e0 partir de CHF 29 575.-<\/a><\/div>\t\t\t\t<\/div>\n\t\t\t\t<\/div>\n\t\t\t\t<div class=\"elementor-element elementor-element-5e7b5ec elementor-align-left elementor-widget elementor-widget-button\" data-id=\"5e7b5ec\" data-element_type=\"widget\" data-e-type=\"widget\" data-widget_type=\"button.default\">\n\t\t\t\t<div class=\"elementor-widget-container\">\n\t\t\t\t\t\t\t\t\t<div class=\"elementor-button-wrapper\">\n\t\t\t\t\t<a class=\"elementor-button elementor-button-link elementor-size-sm\" href=\"https:\/\/rrgsuisse.ch\/fr\/vehicules-neufs\/gamme-vehicules-neufs-renault\/vehicule\/trafic-van-e-tech-electric\">\n\t\t\t\t\t\t<span class=\"elementor-button-content-wrapper\">\n\t\t\t\t\t\t\t\t\t<span class=\"elementor-button-text\">D\u00e9couvrir<\/span>\n\t\t\t\t\t<\/span>\n\t\t\t\t\t<\/a>\n\t\t\t\t<\/div>\n\t\t\t\t\t\t\t\t<\/div>\n\t\t\t\t<\/div>\n\t\t\t\t\t<\/div>\n\t\t<\/div>\n\t\t\t\t\t<\/div>\n\t\t<\/section>\n\t\t\t\t<\/div>\n\t\t\t\t<div data-elementor-type=\"loop-item\" data-elementor-id=\"34305\" class=\"elementor elementor-34305 e-loop-item e-loop-item-47073 post-47073 vehicule-renault type-vehicule-renault status-publish hentry type-vehicule-renault-vehicules-utilitaires\" data-elementor-post-type=\"elementor_library\" data-custom-edit-handle=\"1\">\n\t\t\t\t\t<section class=\"elementor-section elementor-top-section elementor-element elementor-element-7c4b5fe elementor-section-boxed elementor-section-height-default elementor-section-height-default\" data-id=\"7c4b5fe\" data-element_type=\"section\" data-e-type=\"section\">\n\t\t\t\t\t\t<div class=\"elementor-container elementor-column-gap-default\">\n\t\t\t\t\t<div class=\"elementor-column elementor-col-100 elementor-top-column elementor-element elementor-element-6ce05ad\" data-id=\"6ce05ad\" data-element_type=\"column\" data-e-type=\"column\">\n\t\t\t<div class=\"elementor-widget-wrap elementor-element-populated\">\n\t\t\t\t\t\t<div class=\"elementor-element elementor-element-8e0c243 elementor-widget elementor-widget-heading\" data-id=\"8e0c243\" data-element_type=\"widget\" data-e-type=\"widget\" data-widget_type=\"heading.default\">\n\t\t\t\t<div class=\"elementor-widget-container\">\n\t\t\t\t\t<div class=\"elementor-heading-title elementor-size-default\"><a href=\"https:\/\/rrgsuisse.ch\/fr\/vehicules-neufs\/gamme-vehicules-neufs-renault\/vehicule\/nouveau-trafic-van-e-tech\"><img decoding=\"async\" src=\"https:\/\/fr.renault.ch\/agg\/vn\/unique\/ONE_DACIA_PP_LARGE_DENSITY1\/r_brandSite_carPicker_1.png?uri=https%3A%2F%2Fcdn.group.renault.com%2Fpackshots%2Frenault-trafic-van-e-tech-pcx-ph1\" \/><\/a><\/div>\t\t\t\t<\/div>\n\t\t\t\t<\/div>\n\t\t\t\t<div class=\"elementor-element elementor-element-5fbb839 elementor-widget elementor-widget-heading\" data-id=\"5fbb839\" data-element_type=\"widget\" data-e-type=\"widget\" data-settings=\"{&quot;display_condition_enable&quot;:&quot;yes&quot;}\" data-widget_type=\"heading.default\">\n\t\t\t\t<div class=\"elementor-widget-container\">\n\t\t\t\t\t<div class=\"elementor-heading-title elementor-size-default\">\u00a0<\/div>\t\t\t\t<\/div>\n\t\t\t\t<\/div>\n\t\t\t\t<div class=\"elementor-element elementor-element-8bb9143 elementor-widget elementor-widget-theme-post-title elementor-page-title elementor-widget-heading\" data-id=\"8bb9143\" data-element_type=\"widget\" data-e-type=\"widget\" data-widget_type=\"theme-post-title.default\">\n\t\t\t\t<div class=\"elementor-widget-container\">\n\t\t\t\t\t<div class=\"elementor-heading-title elementor-size-default\"><a href=\"https:\/\/rrgsuisse.ch\/fr\/vehicules-neufs\/gamme-vehicules-neufs-renault\/vehicule\/nouveau-trafic-van-e-tech\">NOUVEAU TRAFIC VAN E-TECH ELECTRIC<\/a><\/div>\t\t\t\t<\/div>\n\t\t\t\t<\/div>\n\t\t\t\t<div class=\"elementor-element elementor-element-5e7b5ec elementor-align-left elementor-widget elementor-widget-button\" data-id=\"5e7b5ec\" data-element_type=\"widget\" data-e-type=\"widget\" data-widget_type=\"button.default\">\n\t\t\t\t<div class=\"elementor-widget-container\">\n\t\t\t\t\t\t\t\t\t<div class=\"elementor-button-wrapper\">\n\t\t\t\t\t<a class=\"elementor-button elementor-button-link elementor-size-sm\" href=\"https:\/\/rrgsuisse.ch\/fr\/vehicules-neufs\/gamme-vehicules-neufs-renault\/vehicule\/nouveau-trafic-van-e-tech\">\n\t\t\t\t\t\t<span class=\"elementor-button-content-wrapper\">\n\t\t\t\t\t\t\t\t\t<span class=\"elementor-button-text\">D\u00e9couvrir<\/span>\n\t\t\t\t\t<\/span>\n\t\t\t\t\t<\/a>\n\t\t\t\t<\/div>\n\t\t\t\t\t\t\t\t<\/div>\n\t\t\t\t<\/div>\n\t\t\t\t\t<\/div>\n\t\t<\/div>\n\t\t\t\t\t<\/div>\n\t\t<\/section>\n\t\t\t\t<\/div>\n\t\t\t\t<div data-elementor-type=\"loop-item\" data-elementor-id=\"34305\" class=\"elementor elementor-34305 e-loop-item e-loop-item-44943 post-44943 vehicule-renault type-vehicule-renault status-publish hentry type-vehicule-renault-vehicules-utilitaires\" data-elementor-post-type=\"elementor_library\" data-custom-edit-handle=\"1\">\n\t\t\t\t\t<section class=\"elementor-section elementor-top-section elementor-element elementor-element-7c4b5fe elementor-section-boxed elementor-section-height-default elementor-section-height-default\" data-id=\"7c4b5fe\" data-element_type=\"section\" data-e-type=\"section\">\n\t\t\t\t\t\t<div class=\"elementor-container elementor-column-gap-default\">\n\t\t\t\t\t<div class=\"elementor-column elementor-col-100 elementor-top-column elementor-element elementor-element-6ce05ad\" data-id=\"6ce05ad\" data-element_type=\"column\" data-e-type=\"column\">\n\t\t\t<div class=\"elementor-widget-wrap elementor-element-populated\">\n\t\t\t\t\t\t<div class=\"elementor-element elementor-element-8e0c243 elementor-widget elementor-widget-heading\" data-id=\"8e0c243\" data-element_type=\"widget\" data-e-type=\"widget\" data-widget_type=\"heading.default\">\n\t\t\t\t<div class=\"elementor-widget-container\">\n\t\t\t\t\t<div class=\"elementor-heading-title elementor-size-default\"><a href=\"https:\/\/rrgsuisse.ch\/fr\/vehicules-neufs\/gamme-vehicules-neufs-renault\/vehicule\/nouveau-master-fourgon\"><img decoding=\"async\" src=\"https:\/\/fr.renault.ch\/agg\/vn\/unique\/ONE_DACIA_PP_LARGE_DENSITY1\/r_brandSite_carPicker_1.png?uri=https%3A%2F%2Fch.co.rplug.renault.com%2Fproduct%2Fmodel%2FM4H%2Fneuer-master-kastenwagen%2Fc%2FA-ODQG\" \/><\/a><\/div>\t\t\t\t<\/div>\n\t\t\t\t<\/div>\n\t\t\t\t<div class=\"elementor-element elementor-element-5fbb839 elementor-widget elementor-widget-heading\" data-id=\"5fbb839\" data-element_type=\"widget\" data-e-type=\"widget\" data-settings=\"{&quot;display_condition_enable&quot;:&quot;yes&quot;}\" data-widget_type=\"heading.default\">\n\t\t\t\t<div class=\"elementor-widget-container\">\n\t\t\t\t\t<div class=\"elementor-heading-title elementor-size-default\">\u00a0<\/div>\t\t\t\t<\/div>\n\t\t\t\t<\/div>\n\t\t\t\t<div class=\"elementor-element elementor-element-8bb9143 elementor-widget elementor-widget-theme-post-title elementor-page-title elementor-widget-heading\" data-id=\"8bb9143\" data-element_type=\"widget\" data-e-type=\"widget\" data-widget_type=\"theme-post-title.default\">\n\t\t\t\t<div class=\"elementor-widget-container\">\n\t\t\t\t\t<div class=\"elementor-heading-title elementor-size-default\"><a href=\"https:\/\/rrgsuisse.ch\/fr\/vehicules-neufs\/gamme-vehicules-neufs-renault\/vehicule\/nouveau-master-fourgon\">MASTER FOURGON<\/a><\/div>\t\t\t\t<\/div>\n\t\t\t\t<\/div>\n\t\t\t\t<div class=\"elementor-element elementor-element-563e3fb elementor-widget elementor-widget-heading\" data-id=\"563e3fb\" data-element_type=\"widget\" data-e-type=\"widget\" data-settings=\"{&quot;display_condition_enable&quot;:&quot;yes&quot;}\" data-widget_type=\"heading.default\">\n\t\t\t\t<div class=\"elementor-widget-container\">\n\t\t\t\t\t<div class=\"elementor-heading-title elementor-size-default\"><a href=\"https:\/\/rrgsuisse.ch\/fr\/vehicules-neufs\/gamme-vehicules-neufs-renault\/vehicule\/nouveau-master-fourgon\">\u00e0 partir de CHF 42 550.-<\/a><\/div>\t\t\t\t<\/div>\n\t\t\t\t<\/div>\n\t\t\t\t<div class=\"elementor-element elementor-element-5e7b5ec elementor-align-left elementor-widget elementor-widget-button\" data-id=\"5e7b5ec\" data-element_type=\"widget\" data-e-type=\"widget\" data-widget_type=\"button.default\">\n\t\t\t\t<div class=\"elementor-widget-container\">\n\t\t\t\t\t\t\t\t\t<div class=\"elementor-button-wrapper\">\n\t\t\t\t\t<a class=\"elementor-button elementor-button-link elementor-size-sm\" href=\"https:\/\/rrgsuisse.ch\/fr\/vehicules-neufs\/gamme-vehicules-neufs-renault\/vehicule\/nouveau-master-fourgon\">\n\t\t\t\t\t\t<span class=\"elementor-button-content-wrapper\">\n\t\t\t\t\t\t\t\t\t<span class=\"elementor-button-text\">D\u00e9couvrir<\/span>\n\t\t\t\t\t<\/span>\n\t\t\t\t\t<\/a>\n\t\t\t\t<\/div>\n\t\t\t\t\t\t\t\t<\/div>\n\t\t\t\t<\/div>\n\t\t\t\t\t<\/div>\n\t\t<\/div>\n\t\t\t\t\t<\/div>\n\t\t<\/section>\n\t\t\t\t<\/div>\n\t\t\t\t<div data-elementor-type=\"loop-item\" data-elementor-id=\"34305\" class=\"elementor elementor-34305 e-loop-item e-loop-item-42230 post-42230 vehicule-renault type-vehicule-renault status-publish hentry type-vehicule-renault-vehicules-utilitaires\" data-elementor-post-type=\"elementor_library\" data-custom-edit-handle=\"1\">\n\t\t\t\t\t<section class=\"elementor-section elementor-top-section elementor-element elementor-element-7c4b5fe elementor-section-boxed elementor-section-height-default elementor-section-height-default\" data-id=\"7c4b5fe\" data-element_type=\"section\" data-e-type=\"section\">\n\t\t\t\t\t\t<div class=\"elementor-container elementor-column-gap-default\">\n\t\t\t\t\t<div class=\"elementor-column elementor-col-100 elementor-top-column elementor-element elementor-element-6ce05ad\" data-id=\"6ce05ad\" data-element_type=\"column\" data-e-type=\"column\">\n\t\t\t<div class=\"elementor-widget-wrap elementor-element-populated\">\n\t\t\t\t\t\t<div class=\"elementor-element elementor-element-8e0c243 elementor-widget elementor-widget-heading\" data-id=\"8e0c243\" data-element_type=\"widget\" data-e-type=\"widget\" data-widget_type=\"heading.default\">\n\t\t\t\t<div class=\"elementor-widget-container\">\n\t\t\t\t\t<div class=\"elementor-heading-title elementor-size-default\"><a href=\"https:\/\/rrgsuisse.ch\/fr\/vehicules-neufs\/gamme-vehicules-neufs-renault\/vehicule\/master-electric\"><img decoding=\"async\" src=\"https:\/\/fr.renault.ch\/agg\/vn\/unique\/ONE_DACIA_PP_LARGE_DENSITY1\/r_brandSite_carPicker_1.png?uri=https%3A%2F%2Fch.co.rplug.renault.com%2Fproduct%2Fmodel%2FM6E%2Fneuer-master-e-tech-electric-kastenwagen%2Fc%2FA-OQNG\" \/><\/a><\/div>\t\t\t\t<\/div>\n\t\t\t\t<\/div>\n\t\t\t\t<div class=\"elementor-element elementor-element-5fbb839 elementor-widget elementor-widget-heading\" data-id=\"5fbb839\" data-element_type=\"widget\" data-e-type=\"widget\" data-settings=\"{&quot;display_condition_enable&quot;:&quot;yes&quot;}\" data-widget_type=\"heading.default\">\n\t\t\t\t<div class=\"elementor-widget-container\">\n\t\t\t\t\t<div class=\"elementor-heading-title elementor-size-default\">\u00a0<\/div>\t\t\t\t<\/div>\n\t\t\t\t<\/div>\n\t\t\t\t<div class=\"elementor-element elementor-element-5d91073 elementor-widget__width-auto elementor-widget elementor-widget-heading\" data-id=\"5d91073\" data-element_type=\"widget\" data-e-type=\"widget\" data-widget_type=\"heading.default\">\n\t\t\t\t<div class=\"elementor-widget-container\">\n\t\t\t\t\t<span class=\"elementor-heading-title elementor-size-default\">electric<\/span>\t\t\t\t<\/div>\n\t\t\t\t<\/div>\n\t\t\t\t<div class=\"elementor-element elementor-element-8bb9143 elementor-widget elementor-widget-theme-post-title elementor-page-title elementor-widget-heading\" data-id=\"8bb9143\" data-element_type=\"widget\" data-e-type=\"widget\" data-widget_type=\"theme-post-title.default\">\n\t\t\t\t<div class=\"elementor-widget-container\">\n\t\t\t\t\t<div class=\"elementor-heading-title elementor-size-default\"><a href=\"https:\/\/rrgsuisse.ch\/fr\/vehicules-neufs\/gamme-vehicules-neufs-renault\/vehicule\/master-electric\">MASTER E-TECH ELECTRIC<\/a><\/div>\t\t\t\t<\/div>\n\t\t\t\t<\/div>\n\t\t\t\t<div class=\"elementor-element elementor-element-563e3fb elementor-widget elementor-widget-heading\" data-id=\"563e3fb\" data-element_type=\"widget\" data-e-type=\"widget\" data-settings=\"{&quot;display_condition_enable&quot;:&quot;yes&quot;}\" data-widget_type=\"heading.default\">\n\t\t\t\t<div class=\"elementor-widget-container\">\n\t\t\t\t\t<div class=\"elementor-heading-title elementor-size-default\"><a href=\"https:\/\/rrgsuisse.ch\/fr\/vehicules-neufs\/gamme-vehicules-neufs-renault\/vehicule\/master-electric\">\u00e0 partir de CHF 62 900.-<\/a><\/div>\t\t\t\t<\/div>\n\t\t\t\t<\/div>\n\t\t\t\t<div class=\"elementor-element elementor-element-5e7b5ec elementor-align-left elementor-widget elementor-widget-button\" data-id=\"5e7b5ec\" data-element_type=\"widget\" data-e-type=\"widget\" data-widget_type=\"button.default\">\n\t\t\t\t<div class=\"elementor-widget-container\">\n\t\t\t\t\t\t\t\t\t<div class=\"elementor-button-wrapper\">\n\t\t\t\t\t<a class=\"elementor-button elementor-button-link elementor-size-sm\" href=\"https:\/\/rrgsuisse.ch\/fr\/vehicules-neufs\/gamme-vehicules-neufs-renault\/vehicule\/master-electric\">\n\t\t\t\t\t\t<span class=\"elementor-button-content-wrapper\">\n\t\t\t\t\t\t\t\t\t<span class=\"elementor-button-text\">D\u00e9couvrir<\/span>\n\t\t\t\t\t<\/span>\n\t\t\t\t\t<\/a>\n\t\t\t\t<\/div>\n\t\t\t\t\t\t\t\t<\/div>\n\t\t\t\t<\/div>\n\t\t\t\t\t<\/div>\n\t\t<\/div>\n\t\t\t\t\t<\/div>\n\t\t<\/section>\n\t\t\t\t<\/div>\n\t\t\t\t<div data-elementor-type=\"loop-item\" data-elementor-id=\"34305\" class=\"elementor elementor-34305 e-loop-item e-loop-item-42232 post-42232 vehicule-renault type-vehicule-renault status-publish hentry type-vehicule-renault-vehicules-utilitaires\" data-elementor-post-type=\"elementor_library\" data-custom-edit-handle=\"1\">\n\t\t\t\t\t<section class=\"elementor-section elementor-top-section elementor-element elementor-element-7c4b5fe elementor-section-boxed elementor-section-height-default elementor-section-height-default\" data-id=\"7c4b5fe\" data-element_type=\"section\" data-e-type=\"section\">\n\t\t\t\t\t\t<div class=\"elementor-container elementor-column-gap-default\">\n\t\t\t\t\t<div class=\"elementor-column elementor-col-100 elementor-top-column elementor-element elementor-element-6ce05ad\" data-id=\"6ce05ad\" data-element_type=\"column\" data-e-type=\"column\">\n\t\t\t<div class=\"elementor-widget-wrap elementor-element-populated\">\n\t\t\t\t\t\t<div class=\"elementor-element elementor-element-8e0c243 elementor-widget elementor-widget-heading\" data-id=\"8e0c243\" data-element_type=\"widget\" data-e-type=\"widget\" data-widget_type=\"heading.default\">\n\t\t\t\t<div class=\"elementor-widget-container\">\n\t\t\t\t\t<div class=\"elementor-heading-title elementor-size-default\"><a href=\"https:\/\/rrgsuisse.ch\/fr\/vehicules-neufs\/gamme-vehicules-neufs-renault\/vehicule\/master-bennes-et-plateaux\"><img decoding=\"async\" src=\"https:\/\/fr.renault.ch\/agg\/vn\/unique\/ONE_DACIA_PP_LARGE_DENSITY1\/r_brandSite_carPicker_1.png?uri=https%3A%2F%2Fch.co.rplug.renault.com%2Fproduct%2Fmodel%2FR6O%2Fneuer-master-fahrgestell-transformiert%2Fc%2FA-ENS_0MDL2P1SERIELIM1_-ODQG\" \/><\/a><\/div>\t\t\t\t<\/div>\n\t\t\t\t<\/div>\n\t\t\t\t<div class=\"elementor-element elementor-element-5fbb839 elementor-widget elementor-widget-heading\" data-id=\"5fbb839\" data-element_type=\"widget\" data-e-type=\"widget\" data-settings=\"{&quot;display_condition_enable&quot;:&quot;yes&quot;}\" data-widget_type=\"heading.default\">\n\t\t\t\t<div class=\"elementor-widget-container\">\n\t\t\t\t\t<div class=\"elementor-heading-title elementor-size-default\">\u00a0<\/div>\t\t\t\t<\/div>\n\t\t\t\t<\/div>\n\t\t\t\t<div class=\"elementor-element elementor-element-8bb9143 elementor-widget elementor-widget-theme-post-title elementor-page-title elementor-widget-heading\" data-id=\"8bb9143\" data-element_type=\"widget\" data-e-type=\"widget\" data-widget_type=\"theme-post-title.default\">\n\t\t\t\t<div class=\"elementor-widget-container\">\n\t\t\t\t\t<div class=\"elementor-heading-title elementor-size-default\"><a href=\"https:\/\/rrgsuisse.ch\/fr\/vehicules-neufs\/gamme-vehicules-neufs-renault\/vehicule\/master-bennes-et-plateaux\">MASTER BENNES ET PLATEAUX<\/a><\/div>\t\t\t\t<\/div>\n\t\t\t\t<\/div>\n\t\t\t\t<div class=\"elementor-element elementor-element-563e3fb elementor-widget elementor-widget-heading\" data-id=\"563e3fb\" data-element_type=\"widget\" data-e-type=\"widget\" data-settings=\"{&quot;display_condition_enable&quot;:&quot;yes&quot;}\" data-widget_type=\"heading.default\">\n\t\t\t\t<div class=\"elementor-widget-container\">\n\t\t\t\t\t<div class=\"elementor-heading-title elementor-size-default\"><a href=\"https:\/\/rrgsuisse.ch\/fr\/vehicules-neufs\/gamme-vehicules-neufs-renault\/vehicule\/master-bennes-et-plateaux\">\u00e0 partir de CHF 45 200.-<\/a><\/div>\t\t\t\t<\/div>\n\t\t\t\t<\/div>\n\t\t\t\t<div class=\"elementor-element elementor-element-5e7b5ec elementor-align-left elementor-widget elementor-widget-button\" data-id=\"5e7b5ec\" data-element_type=\"widget\" data-e-type=\"widget\" data-widget_type=\"button.default\">\n\t\t\t\t<div class=\"elementor-widget-container\">\n\t\t\t\t\t\t\t\t\t<div class=\"elementor-button-wrapper\">\n\t\t\t\t\t<a class=\"elementor-button elementor-button-link elementor-size-sm\" href=\"https:\/\/rrgsuisse.ch\/fr\/vehicules-neufs\/gamme-vehicules-neufs-renault\/vehicule\/master-bennes-et-plateaux\">\n\t\t\t\t\t\t<span class=\"elementor-button-content-wrapper\">\n\t\t\t\t\t\t\t\t\t<span class=\"elementor-button-text\">D\u00e9couvrir<\/span>\n\t\t\t\t\t<\/span>\n\t\t\t\t\t<\/a>\n\t\t\t\t<\/div>\n\t\t\t\t\t\t\t\t<\/div>\n\t\t\t\t<\/div>\n\t\t\t\t\t<\/div>\n\t\t<\/div>\n\t\t\t\t\t<\/div>\n\t\t<\/section>\n\t\t\t\t<\/div>\n\t\t\t\t<div data-elementor-type=\"loop-item\" data-elementor-id=\"34305\" class=\"elementor elementor-34305 e-loop-item e-loop-item-44294 post-44294 vehicule-renault type-vehicule-renault status-publish hentry type-vehicule-renault-vehicules-utilitaires\" data-elementor-post-type=\"elementor_library\" data-custom-edit-handle=\"1\">\n\t\t\t\t\t<section class=\"elementor-section elementor-top-section elementor-element elementor-element-7c4b5fe elementor-section-boxed elementor-section-height-default elementor-section-height-default\" data-id=\"7c4b5fe\" data-element_type=\"section\" data-e-type=\"section\">\n\t\t\t\t\t\t<div class=\"elementor-container elementor-column-gap-default\">\n\t\t\t\t\t<div class=\"elementor-column elementor-col-100 elementor-top-column elementor-element elementor-element-6ce05ad\" data-id=\"6ce05ad\" data-element_type=\"column\" data-e-type=\"column\">\n\t\t\t<div class=\"elementor-widget-wrap elementor-element-populated\">\n\t\t\t\t\t\t<div class=\"elementor-element elementor-element-8e0c243 elementor-widget elementor-widget-heading\" data-id=\"8e0c243\" data-element_type=\"widget\" data-e-type=\"widget\" data-widget_type=\"heading.default\">\n\t\t\t\t<div class=\"elementor-widget-container\">\n\t\t\t\t\t<div class=\"elementor-heading-title elementor-size-default\"><a href=\"https:\/\/rrgsuisse.ch\/fr\/vehicules-neufs\/gamme-vehicules-neufs-renault\/vehicule\/master-chassis-cabine-electric\"><img decoding=\"async\" src=\"https:\/\/fr.renault.ch\/agg\/vn\/unique\/ONE_DACIA_PP_LARGE_DENSITY1\/r_brandSite_carPicker_1.png?uri=https%3A%2F%2Fch.co.rplug.renault.com%2Fproduct%2Fmodel%2FE6E%2Fmaster-e-tech-100-electric-fahrgestell%2Fc%2FA-OQNG\" \/><\/a><\/div>\t\t\t\t<\/div>\n\t\t\t\t<\/div>\n\t\t\t\t<div class=\"elementor-element elementor-element-5fbb839 elementor-widget elementor-widget-heading\" data-id=\"5fbb839\" data-element_type=\"widget\" data-e-type=\"widget\" data-settings=\"{&quot;display_condition_enable&quot;:&quot;yes&quot;}\" data-widget_type=\"heading.default\">\n\t\t\t\t<div class=\"elementor-widget-container\">\n\t\t\t\t\t<div class=\"elementor-heading-title elementor-size-default\">\u00a0<\/div>\t\t\t\t<\/div>\n\t\t\t\t<\/div>\n\t\t\t\t<div class=\"elementor-element elementor-element-5d91073 elementor-widget__width-auto elementor-widget elementor-widget-heading\" data-id=\"5d91073\" data-element_type=\"widget\" data-e-type=\"widget\" data-widget_type=\"heading.default\">\n\t\t\t\t<div class=\"elementor-widget-container\">\n\t\t\t\t\t<span class=\"elementor-heading-title elementor-size-default\">electric<\/span>\t\t\t\t<\/div>\n\t\t\t\t<\/div>\n\t\t\t\t<div class=\"elementor-element elementor-element-8bb9143 elementor-widget elementor-widget-theme-post-title elementor-page-title elementor-widget-heading\" data-id=\"8bb9143\" data-element_type=\"widget\" data-e-type=\"widget\" data-widget_type=\"theme-post-title.default\">\n\t\t\t\t<div class=\"elementor-widget-container\">\n\t\t\t\t\t<div class=\"elementor-heading-title elementor-size-default\"><a href=\"https:\/\/rrgsuisse.ch\/fr\/vehicules-neufs\/gamme-vehicules-neufs-renault\/vehicule\/master-chassis-cabine-electric\">MASTER PLANCHERS ET CH\u00c2SSIS CABINE ELECTRIC<\/a><\/div>\t\t\t\t<\/div>\n\t\t\t\t<\/div>\n\t\t\t\t<div class=\"elementor-element elementor-element-563e3fb elementor-widget elementor-widget-heading\" data-id=\"563e3fb\" data-element_type=\"widget\" data-e-type=\"widget\" data-settings=\"{&quot;display_condition_enable&quot;:&quot;yes&quot;}\" data-widget_type=\"heading.default\">\n\t\t\t\t<div class=\"elementor-widget-container\">\n\t\t\t\t\t<div class=\"elementor-heading-title elementor-size-default\"><a href=\"https:\/\/rrgsuisse.ch\/fr\/vehicules-neufs\/gamme-vehicules-neufs-renault\/vehicule\/master-chassis-cabine-electric\">\u00e0 partir de CHF 63 050.-<\/a><\/div>\t\t\t\t<\/div>\n\t\t\t\t<\/div>\n\t\t\t\t<div class=\"elementor-element elementor-element-5e7b5ec elementor-align-left elementor-widget elementor-widget-button\" data-id=\"5e7b5ec\" data-element_type=\"widget\" data-e-type=\"widget\" data-widget_type=\"button.default\">\n\t\t\t\t<div class=\"elementor-widget-container\">\n\t\t\t\t\t\t\t\t\t<div class=\"elementor-button-wrapper\">\n\t\t\t\t\t<a class=\"elementor-button elementor-button-link elementor-size-sm\" href=\"https:\/\/rrgsuisse.ch\/fr\/vehicules-neufs\/gamme-vehicules-neufs-renault\/vehicule\/master-chassis-cabine-electric\">\n\t\t\t\t\t\t<span class=\"elementor-button-content-wrapper\">\n\t\t\t\t\t\t\t\t\t<span class=\"elementor-button-text\">D\u00e9couvrir<\/span>\n\t\t\t\t\t<\/span>\n\t\t\t\t\t<\/a>\n\t\t\t\t<\/div>\n\t\t\t\t\t\t\t\t<\/div>\n\t\t\t\t<\/div>\n\t\t\t\t\t<\/div>\n\t\t<\/div>\n\t\t\t\t\t<\/div>\n\t\t<\/section>\n\t\t\t\t<\/div>\n\t\t\t\t<div data-elementor-type=\"loop-item\" data-elementor-id=\"34305\" class=\"elementor elementor-34305 e-loop-item e-loop-item-42231 post-42231 vehicule-renault type-vehicule-renault status-publish hentry type-vehicule-renault-vehicules-utilitaires\" data-elementor-post-type=\"elementor_library\" data-custom-edit-handle=\"1\">\n\t\t\t\t\t<section class=\"elementor-section elementor-top-section elementor-element elementor-element-7c4b5fe elementor-section-boxed elementor-section-height-default elementor-section-height-default\" data-id=\"7c4b5fe\" data-element_type=\"section\" data-e-type=\"section\">\n\t\t\t\t\t\t<div class=\"elementor-container elementor-column-gap-default\">\n\t\t\t\t\t<div class=\"elementor-column elementor-col-100 elementor-top-column elementor-element elementor-element-6ce05ad\" data-id=\"6ce05ad\" data-element_type=\"column\" data-e-type=\"column\">\n\t\t\t<div class=\"elementor-widget-wrap elementor-element-populated\">\n\t\t\t\t\t\t<div class=\"elementor-element elementor-element-8e0c243 elementor-widget elementor-widget-heading\" data-id=\"8e0c243\" data-element_type=\"widget\" data-e-type=\"widget\" data-widget_type=\"heading.default\">\n\t\t\t\t<div class=\"elementor-widget-container\">\n\t\t\t\t\t<div class=\"elementor-heading-title elementor-size-default\"><a href=\"https:\/\/rrgsuisse.ch\/fr\/vehicules-neufs\/gamme-vehicules-neufs-renault\/vehicule\/master-planchers-et-chassis-cabin\"><img decoding=\"async\" src=\"https:\/\/fr.renault.ch\/agg\/vn\/unique\/ONE_DACIA_PP_LARGE_DENSITY1\/r_brandSite_carPicker_1.png?uri=https%3A%2F%2Fch.co.rplug.renault.com%2Fproduct%2Fmodel%2FM6H%2Fneuer-master-fahrgestell%2Fc%2FA-ENS_0MDL2P1SERIELIM4_-ODQG\" \/><\/a><\/div>\t\t\t\t<\/div>\n\t\t\t\t<\/div>\n\t\t\t\t<div class=\"elementor-element elementor-element-5fbb839 elementor-widget elementor-widget-heading\" data-id=\"5fbb839\" data-element_type=\"widget\" data-e-type=\"widget\" data-settings=\"{&quot;display_condition_enable&quot;:&quot;yes&quot;}\" data-widget_type=\"heading.default\">\n\t\t\t\t<div class=\"elementor-widget-container\">\n\t\t\t\t\t<div class=\"elementor-heading-title elementor-size-default\">\u00a0<\/div>\t\t\t\t<\/div>\n\t\t\t\t<\/div>\n\t\t\t\t<div class=\"elementor-element elementor-element-8bb9143 elementor-widget elementor-widget-theme-post-title elementor-page-title elementor-widget-heading\" data-id=\"8bb9143\" data-element_type=\"widget\" data-e-type=\"widget\" data-widget_type=\"theme-post-title.default\">\n\t\t\t\t<div class=\"elementor-widget-container\">\n\t\t\t\t\t<div class=\"elementor-heading-title elementor-size-default\"><a href=\"https:\/\/rrgsuisse.ch\/fr\/vehicules-neufs\/gamme-vehicules-neufs-renault\/vehicule\/master-planchers-et-chassis-cabin\">MASTER PLANCHERS ET CH\u00c2SSIS CABIN<\/a><\/div>\t\t\t\t<\/div>\n\t\t\t\t<\/div>\n\t\t\t\t<div class=\"elementor-element elementor-element-563e3fb elementor-widget elementor-widget-heading\" data-id=\"563e3fb\" data-element_type=\"widget\" data-e-type=\"widget\" data-settings=\"{&quot;display_condition_enable&quot;:&quot;yes&quot;}\" data-widget_type=\"heading.default\">\n\t\t\t\t<div class=\"elementor-widget-container\">\n\t\t\t\t\t<div class=\"elementor-heading-title elementor-size-default\"><a href=\"https:\/\/rrgsuisse.ch\/fr\/vehicules-neufs\/gamme-vehicules-neufs-renault\/vehicule\/master-planchers-et-chassis-cabin\">\u00e0 partir de CHF 39 600.-<\/a><\/div>\t\t\t\t<\/div>\n\t\t\t\t<\/div>\n\t\t\t\t<div class=\"elementor-element elementor-element-5e7b5ec elementor-align-left elementor-widget elementor-widget-button\" data-id=\"5e7b5ec\" data-element_type=\"widget\" data-e-type=\"widget\" data-widget_type=\"button.default\">\n\t\t\t\t<div class=\"elementor-widget-container\">\n\t\t\t\t\t\t\t\t\t<div class=\"elementor-button-wrapper\">\n\t\t\t\t\t<a class=\"elementor-button elementor-button-link elementor-size-sm\" href=\"https:\/\/rrgsuisse.ch\/fr\/vehicules-neufs\/gamme-vehicules-neufs-renault\/vehicule\/master-planchers-et-chassis-cabin\">\n\t\t\t\t\t\t<span class=\"elementor-button-content-wrapper\">\n\t\t\t\t\t\t\t\t\t<span class=\"elementor-button-text\">D\u00e9couvrir<\/span>\n\t\t\t\t\t<\/span>\n\t\t\t\t\t<\/a>\n\t\t\t\t<\/div>\n\t\t\t\t\t\t\t\t<\/div>\n\t\t\t\t<\/div>\n\t\t\t\t\t<\/div>\n\t\t<\/div>\n\t\t\t\t\t<\/div>\n\t\t<\/section>\n\t\t\t\t<\/div>\n\t\t\t\t<\/div>\n\t\t\n\t\t\t\t\t\t<\/div>\n\t\t\t\t<\/div>\n\t\t\t\t\t<\/div>\n\t\t<\/div>\n\t\t\t\t\t<\/div>\n\t\t<\/section>\n\t\t\t\t<section class=\"elementor-section elementor-top-section elementor-element elementor-element-45e566c elementor-section-boxed elementor-section-height-default elementor-section-height-default\" data-id=\"45e566c\" data-element_type=\"section\" data-e-type=\"section\" id=\"vehiculeselectriques\">\n\t\t\t\t\t\t<div class=\"elementor-container elementor-column-gap-default\">\n\t\t\t\t\t<div class=\"elementor-column elementor-col-100 elementor-top-column elementor-element elementor-element-0a2558f\" data-id=\"0a2558f\" data-element_type=\"column\" data-e-type=\"column\">\n\t\t\t<div class=\"elementor-widget-wrap elementor-element-populated\">\n\t\t\t\t\t\t<div class=\"elementor-element elementor-element-76ce738 elementor-widget__width-initial elementor-widget elementor-widget-heading\" data-id=\"76ce738\" data-element_type=\"widget\" data-e-type=\"widget\" data-widget_type=\"heading.default\">\n\t\t\t\t<div class=\"elementor-widget-container\">\n\t\t\t\t\t<h2 class=\"elementor-heading-title elementor-size-default\">D\u00e9couvrez nos v\u00e9hicules \u00e9lectriques <br> pour le transport de personnes<\/h2>\t\t\t\t<\/div>\n\t\t\t\t<\/div>\n\t\t\t\t<div class=\"elementor-element elementor-element-9fb88aa elementor-widget__width-initial elementor-widget elementor-widget-text-editor\" data-id=\"9fb88aa\" data-element_type=\"widget\" data-e-type=\"widget\" data-widget_type=\"text-editor.default\">\n\t\t\t\t<div class=\"elementor-widget-container\">\n\t\t\t\t\t\t\t\t\t<p>D\u00e9couvrez notre gamme de v\u00e9hicules \u00e9lectriques et transportez vos passagers dans une nouvelle \u00e8re.<\/p>\t\t\t\t\t\t\t\t<\/div>\n\t\t\t\t<\/div>\n\t\t\t\t<div class=\"elementor-element elementor-element-e616fd8 elementor-widget elementor-widget-spacer\" data-id=\"e616fd8\" data-element_type=\"widget\" data-e-type=\"widget\" data-widget_type=\"spacer.default\">\n\t\t\t\t<div class=\"elementor-widget-container\">\n\t\t\t\t\t\t\t<div class=\"elementor-spacer\">\n\t\t\t<div class=\"elementor-spacer-inner\"><\/div>\n\t\t<\/div>\n\t\t\t\t\t\t<\/div>\n\t\t\t\t<\/div>\n\t\t\t\t<div class=\"elementor-element elementor-element-ac7851b elementor-align-center elementor-widget elementor-widget-button\" data-id=\"ac7851b\" data-element_type=\"widget\" data-e-type=\"widget\" data-widget_type=\"button.default\">\n\t\t\t\t<div class=\"elementor-widget-container\">\n\t\t\t\t\t\t\t\t\t<div class=\"elementor-button-wrapper\">\n\t\t\t\t\t<a class=\"elementor-button elementor-button-link elementor-size-sm\" href=\"https:\/\/rrgsuisse.ch\/fr\/vehicules-neufs\/gamme-vehicules-neufs-renault\/offres-renault-du-moment?e-filter-5f78b89-type-offre-renault=offre-vehicule-utilitaire\" target=\"_blank\">\n\t\t\t\t\t\t<span class=\"elementor-button-content-wrapper\">\n\t\t\t\t\t\t\t\t\t<span class=\"elementor-button-text\">d\u00e9couvrez nos v\u00e9hicules \u00e9lectriques<\/span>\n\t\t\t\t\t<\/span>\n\t\t\t\t\t<\/a>\n\t\t\t\t<\/div>\n\t\t\t\t\t\t\t\t<\/div>\n\t\t\t\t<\/div>\n\t\t\t\t\t<\/div>\n\t\t<\/div>\n\t\t\t\t\t<\/div>\n\t\t<\/section>\n\t\t\t\t<section class=\"elementor-section elementor-top-section elementor-element elementor-element-8156987 elementor-section-boxed elementor-section-height-default elementor-section-height-default\" data-id=\"8156987\" data-element_type=\"section\" data-e-type=\"section\">\n\t\t\t\t\t\t<div class=\"elementor-container elementor-column-gap-default\">\n\t\t\t\t\t<div class=\"elementor-column elementor-col-100 elementor-top-column elementor-element elementor-element-6c6a5d5\" data-id=\"6c6a5d5\" data-element_type=\"column\" data-e-type=\"column\">\n\t\t\t<div class=\"elementor-widget-wrap elementor-element-populated\">\n\t\t\t\t\t\t<div class=\"elementor-element elementor-element-ba28a2a elementor-widget elementor-widget-heading\" data-id=\"ba28a2a\" data-element_type=\"widget\" data-e-type=\"widget\" data-widget_type=\"heading.default\">\n\t\t\t\t<div class=\"elementor-widget-container\">\n\t\t\t\t\t<h5 class=\"elementor-heading-title elementor-size-default\">une branche, une solution<\/h5>\t\t\t\t<\/div>\n\t\t\t\t<\/div>\n\t\t\t\t<div class=\"elementor-element elementor-element-7f09555 elementor-widget__width-initial elementor-widget elementor-widget-heading\" data-id=\"7f09555\" data-element_type=\"widget\" data-e-type=\"widget\" data-widget_type=\"heading.default\">\n\t\t\t\t<div class=\"elementor-widget-container\">\n\t\t\t\t\t<h2 class=\"elementor-heading-title elementor-size-default\">Le v\u00e9hicule parfait pour votre <br> entreprise<\/h2>\t\t\t\t<\/div>\n\t\t\t\t<\/div>\n\t\t\t\t<div class=\"elementor-element elementor-element-0f8e339 elementor-widget__width-initial elementor-widget elementor-widget-text-editor\" data-id=\"0f8e339\" data-element_type=\"widget\" data-e-type=\"widget\" data-widget_type=\"text-editor.default\">\n\t\t\t\t<div class=\"elementor-widget-container\">\n\t\t\t\t\t\t\t\t\t<p>Nous vous aidons \u00e0 configurer le v\u00e9hicule pour qu\u2019il corresponde au mieux \u00e0 vos besoins. Vous \u00eates les sp\u00e9cialistes de votre domaine. Nous mettons \u00e0 votre disposition le v\u00e9hicule le mieux \u00e9quip\u00e9: du choix du mod\u00e8le \u00e0 son \u00e9quipement.<\/p>\t\t\t\t\t\t\t\t<\/div>\n\t\t\t\t<\/div>\n\t\t\t\t<div class=\"elementor-element elementor-element-bc29b97 elementor-widget elementor-widget-spacer\" data-id=\"bc29b97\" data-element_type=\"widget\" data-e-type=\"widget\" data-widget_type=\"spacer.default\">\n\t\t\t\t<div class=\"elementor-widget-container\">\n\t\t\t\t\t\t\t<div class=\"elementor-spacer\">\n\t\t\t<div class=\"elementor-spacer-inner\"><\/div>\n\t\t<\/div>\n\t\t\t\t\t\t<\/div>\n\t\t\t\t<\/div>\n\t\t\t\t<section class=\"elementor-section elementor-inner-section elementor-element elementor-element-02d7575 elementor-section-boxed elementor-section-height-default elementor-section-height-default\" data-id=\"02d7575\" data-element_type=\"section\" data-e-type=\"section\">\n\t\t\t\t\t\t<div class=\"elementor-container elementor-column-gap-default\">\n\t\t\t\t\t<div class=\"elementor-column elementor-col-20 elementor-inner-column elementor-element elementor-element-a023ad7\" data-id=\"a023ad7\" data-element_type=\"column\" data-e-type=\"column\">\n\t\t\t<div class=\"elementor-widget-wrap elementor-element-populated\">\n\t\t\t\t\t\t<div class=\"elementor-element elementor-element-bd7c1e3 elementor-position-top elementor-widget elementor-widget-image-box\" data-id=\"bd7c1e3\" data-element_type=\"widget\" data-e-type=\"widget\" data-widget_type=\"image-box.default\">\n\t\t\t\t<div class=\"elementor-widget-container\">\n\t\t\t\t\t<div class=\"elementor-image-box-wrapper\"><figure class=\"elementor-image-box-img\"><img decoding=\"async\" width=\"1024\" height=\"576\" src=\"https:\/\/rrgsuisse.ch\/wp-content\/uploads\/2025\/04\/transport-marchandises.webp\" class=\"attachment-full size-full wp-image-43386\" alt=\"\" srcset=\"https:\/\/rrgsuisse.ch\/wp-content\/uploads\/2025\/04\/transport-marchandises.webp 1024w, https:\/\/rrgsuisse.ch\/wp-content\/uploads\/2025\/04\/transport-marchandises-300x169.webp 300w, https:\/\/rrgsuisse.ch\/wp-content\/uploads\/2025\/04\/transport-marchandises-768x432.webp 768w\" sizes=\"(max-width: 1024px) 100vw, 1024px\" \/><\/figure><div class=\"elementor-image-box-content\"><h6 class=\"elementor-image-box-title\">transport de marchandises<\/h6><\/div><\/div>\t\t\t\t<\/div>\n\t\t\t\t<\/div>\n\t\t\t\t\t<\/div>\n\t\t<\/div>\n\t\t\t\t<div class=\"elementor-column elementor-col-20 elementor-inner-column elementor-element elementor-element-3251b88\" data-id=\"3251b88\" data-element_type=\"column\" data-e-type=\"column\">\n\t\t\t<div class=\"elementor-widget-wrap elementor-element-populated\">\n\t\t\t\t\t\t<div class=\"elementor-element elementor-element-62a1861 elementor-position-top elementor-widget elementor-widget-image-box\" data-id=\"62a1861\" data-element_type=\"widget\" data-e-type=\"widget\" data-widget_type=\"image-box.default\">\n\t\t\t\t<div class=\"elementor-widget-container\">\n\t\t\t\t\t<div class=\"elementor-image-box-wrapper\"><figure class=\"elementor-image-box-img\"><img decoding=\"async\" width=\"750\" height=\"422\" src=\"https:\/\/rrgsuisse.ch\/wp-content\/uploads\/2025\/04\/transport-personnes.webp\" class=\"attachment-full size-full wp-image-43388\" alt=\"\" srcset=\"https:\/\/rrgsuisse.ch\/wp-content\/uploads\/2025\/04\/transport-personnes.webp 750w, https:\/\/rrgsuisse.ch\/wp-content\/uploads\/2025\/04\/transport-personnes-300x169.webp 300w\" sizes=\"(max-width: 750px) 100vw, 750px\" \/><\/figure><div class=\"elementor-image-box-content\"><h6 class=\"elementor-image-box-title\">transport de personnes<\/h6><\/div><\/div>\t\t\t\t<\/div>\n\t\t\t\t<\/div>\n\t\t\t\t\t<\/div>\n\t\t<\/div>\n\t\t\t\t<div class=\"elementor-column elementor-col-20 elementor-inner-column elementor-element elementor-element-e871c13\" data-id=\"e871c13\" data-element_type=\"column\" data-e-type=\"column\">\n\t\t\t<div class=\"elementor-widget-wrap elementor-element-populated\">\n\t\t\t\t\t\t<div class=\"elementor-element elementor-element-3745117 elementor-position-top elementor-widget elementor-widget-image-box\" data-id=\"3745117\" data-element_type=\"widget\" data-e-type=\"widget\" data-widget_type=\"image-box.default\">\n\t\t\t\t<div class=\"elementor-widget-container\">\n\t\t\t\t\t<div class=\"elementor-image-box-wrapper\"><figure class=\"elementor-image-box-img\"><img loading=\"lazy\" decoding=\"async\" width=\"1024\" height=\"576\" src=\"https:\/\/rrgsuisse.ch\/wp-content\/uploads\/2025\/04\/batiment-BTP.webp\" class=\"attachment-full size-full wp-image-43390\" alt=\"\" srcset=\"https:\/\/rrgsuisse.ch\/wp-content\/uploads\/2025\/04\/batiment-BTP.webp 1024w, https:\/\/rrgsuisse.ch\/wp-content\/uploads\/2025\/04\/batiment-BTP-300x169.webp 300w, https:\/\/rrgsuisse.ch\/wp-content\/uploads\/2025\/04\/batiment-BTP-768x432.webp 768w\" sizes=\"(max-width: 1024px) 100vw, 1024px\" \/><\/figure><div class=\"elementor-image-box-content\"><h6 class=\"elementor-image-box-title\">b\u00e2timent - BTP<\/h6><\/div><\/div>\t\t\t\t<\/div>\n\t\t\t\t<\/div>\n\t\t\t\t\t<\/div>\n\t\t<\/div>\n\t\t\t\t<div class=\"elementor-column elementor-col-20 elementor-inner-column elementor-element elementor-element-7fe44e0\" data-id=\"7fe44e0\" data-element_type=\"column\" data-e-type=\"column\">\n\t\t\t<div class=\"elementor-widget-wrap elementor-element-populated\">\n\t\t\t\t\t\t<div class=\"elementor-element elementor-element-66f215a elementor-position-top elementor-widget elementor-widget-image-box\" data-id=\"66f215a\" data-element_type=\"widget\" data-e-type=\"widget\" data-widget_type=\"image-box.default\">\n\t\t\t\t<div class=\"elementor-widget-container\">\n\t\t\t\t\t<div class=\"elementor-image-box-wrapper\"><figure class=\"elementor-image-box-img\"><img loading=\"lazy\" decoding=\"async\" width=\"2560\" height=\"1440\" src=\"https:\/\/rrgsuisse.ch\/wp-content\/uploads\/2025\/04\/adaptations-transformations.webp\" class=\"attachment-full size-full wp-image-43392\" alt=\"\" srcset=\"https:\/\/rrgsuisse.ch\/wp-content\/uploads\/2025\/04\/adaptations-transformations.webp 2560w, https:\/\/rrgsuisse.ch\/wp-content\/uploads\/2025\/04\/adaptations-transformations-300x169.webp 300w, https:\/\/rrgsuisse.ch\/wp-content\/uploads\/2025\/04\/adaptations-transformations-1024x576.webp 1024w, https:\/\/rrgsuisse.ch\/wp-content\/uploads\/2025\/04\/adaptations-transformations-768x432.webp 768w, https:\/\/rrgsuisse.ch\/wp-content\/uploads\/2025\/04\/adaptations-transformations-1536x864.webp 1536w, https:\/\/rrgsuisse.ch\/wp-content\/uploads\/2025\/04\/adaptations-transformations-2048x1152.webp 2048w\" sizes=\"(max-width: 2560px) 100vw, 2560px\" \/><\/figure><div class=\"elementor-image-box-content\"><h6 class=\"elementor-image-box-title\">adaptations et transformations<\/h6><\/div><\/div>\t\t\t\t<\/div>\n\t\t\t\t<\/div>\n\t\t\t\t\t<\/div>\n\t\t<\/div>\n\t\t\t\t<div class=\"elementor-column elementor-col-20 elementor-inner-column elementor-element elementor-element-457e149\" data-id=\"457e149\" data-element_type=\"column\" data-e-type=\"column\">\n\t\t\t<div class=\"elementor-widget-wrap elementor-element-populated\">\n\t\t\t\t\t\t<div class=\"elementor-element elementor-element-fe25796 elementor-position-top elementor-widget elementor-widget-image-box\" data-id=\"fe25796\" data-element_type=\"widget\" data-e-type=\"widget\" data-widget_type=\"image-box.default\">\n\t\t\t\t<div class=\"elementor-widget-container\">\n\t\t\t\t\t<div class=\"elementor-image-box-wrapper\"><figure class=\"elementor-image-box-img\"><img loading=\"lazy\" decoding=\"async\" width=\"2560\" height=\"1440\" src=\"https:\/\/rrgsuisse.ch\/wp-content\/uploads\/2025\/04\/vehicules-location.webp\" class=\"attachment-full size-full wp-image-43394\" alt=\"\" srcset=\"https:\/\/rrgsuisse.ch\/wp-content\/uploads\/2025\/04\/vehicules-location.webp 2560w, https:\/\/rrgsuisse.ch\/wp-content\/uploads\/2025\/04\/vehicules-location-300x169.webp 300w, https:\/\/rrgsuisse.ch\/wp-content\/uploads\/2025\/04\/vehicules-location-1024x576.webp 1024w, https:\/\/rrgsuisse.ch\/wp-content\/uploads\/2025\/04\/vehicules-location-768x432.webp 768w, https:\/\/rrgsuisse.ch\/wp-content\/uploads\/2025\/04\/vehicules-location-1536x864.webp 1536w, https:\/\/rrgsuisse.ch\/wp-content\/uploads\/2025\/04\/vehicules-location-2048x1152.webp 2048w\" sizes=\"(max-width: 2560px) 100vw, 2560px\" \/><\/figure><div class=\"elementor-image-box-content\"><h6 class=\"elementor-image-box-title\">v\u00e9hicules de location<\/h6><\/div><\/div>\t\t\t\t<\/div>\n\t\t\t\t<\/div>\n\t\t\t\t\t<\/div>\n\t\t<\/div>\n\t\t\t\t\t<\/div>\n\t\t<\/section>\n\t\t\t\t\t<\/div>\n\t\t<\/div>\n\t\t\t\t\t<\/div>\n\t\t<\/section>\n\t\t\t\t<section class=\"elementor-section elementor-top-section elementor-element elementor-element-38e4e57 elementor-section-boxed elementor-section-height-default elementor-section-height-default\" data-id=\"38e4e57\" data-element_type=\"section\" data-e-type=\"section\">\n\t\t\t\t\t\t<div class=\"elementor-container elementor-column-gap-default\">\n\t\t\t\t\t<div class=\"elementor-column elementor-col-100 elementor-top-column elementor-element elementor-element-eb72b15\" data-id=\"eb72b15\" data-element_type=\"column\" data-e-type=\"column\">\n\t\t\t<div class=\"elementor-widget-wrap elementor-element-populated\">\n\t\t\t\t\t\t<div class=\"elementor-element elementor-element-4aa46a4 elementor-widget elementor-widget-heading\" data-id=\"4aa46a4\" data-element_type=\"widget\" data-e-type=\"widget\" data-widget_type=\"heading.default\">\n\t\t\t\t<div class=\"elementor-widget-container\">\n\t\t\t\t\t<h5 class=\"elementor-heading-title elementor-size-default\">notre service de sp\u00e9cialistes<\/h5>\t\t\t\t<\/div>\n\t\t\t\t<\/div>\n\t\t\t\t<div class=\"elementor-element elementor-element-f51de64 elementor-widget elementor-widget-heading\" data-id=\"f51de64\" data-element_type=\"widget\" data-e-type=\"widget\" data-widget_type=\"heading.default\">\n\t\t\t\t<div class=\"elementor-widget-container\">\n\t\t\t\t\t<h2 class=\"elementor-heading-title elementor-size-default\">Votre r\u00e9seau de concessionnaires <br> sp\u00e9cialis\u00e9s Renault Pro+<\/h2>\t\t\t\t<\/div>\n\t\t\t\t<\/div>\n\t\t\t\t<div class=\"elementor-element elementor-element-0a2fad6 elementor-widget__width-initial elementor-widget elementor-widget-text-editor\" data-id=\"0a2fad6\" data-element_type=\"widget\" data-e-type=\"widget\" data-widget_type=\"text-editor.default\">\n\t\t\t\t<div class=\"elementor-widget-container\">\n\t\t\t\t\t\t\t\t\t<p>Simplifiez-vous la vie: faites confiance \u00e0 Renault Pro+, le r\u00e9seau de partenaires pour les clients professionnels.<\/p>\t\t\t\t\t\t\t\t<\/div>\n\t\t\t\t<\/div>\n\t\t\t\t<div class=\"elementor-element elementor-element-3f691a6 elementor-widget elementor-widget-spacer\" data-id=\"3f691a6\" data-element_type=\"widget\" data-e-type=\"widget\" data-widget_type=\"spacer.default\">\n\t\t\t\t<div class=\"elementor-widget-container\">\n\t\t\t\t\t\t\t<div class=\"elementor-spacer\">\n\t\t\t<div class=\"elementor-spacer-inner\"><\/div>\n\t\t<\/div>\n\t\t\t\t\t\t<\/div>\n\t\t\t\t<\/div>\n\t\t\t\t<section class=\"elementor-section elementor-inner-section elementor-element elementor-element-b4a71d5 elementor-section-boxed elementor-section-height-default elementor-section-height-default\" data-id=\"b4a71d5\" data-element_type=\"section\" data-e-type=\"section\">\n\t\t\t\t\t\t<div class=\"elementor-container elementor-column-gap-default\">\n\t\t\t\t\t<div class=\"elementor-column elementor-col-50 elementor-inner-column elementor-element elementor-element-10d4dca\" data-id=\"10d4dca\" data-element_type=\"column\" data-e-type=\"column\">\n\t\t\t<div class=\"elementor-widget-wrap elementor-element-populated\">\n\t\t\t\t\t\t<div class=\"elementor-element elementor-element-d953b8f elementor-widget elementor-widget-image\" data-id=\"d953b8f\" data-element_type=\"widget\" data-e-type=\"widget\" data-widget_type=\"image.default\">\n\t\t\t\t<div class=\"elementor-widget-container\">\n\t\t\t\t\t\t\t\t\t\t\t\t\t\t\t<img loading=\"lazy\" decoding=\"async\" width=\"800\" height=\"450\" src=\"https:\/\/rrgsuisse.ch\/wp-content\/uploads\/2025\/04\/votre-reseau-de-concessionnaires-1024x576.webp\" class=\"attachment-large size-large wp-image-43396\" alt=\"\" srcset=\"https:\/\/rrgsuisse.ch\/wp-content\/uploads\/2025\/04\/votre-reseau-de-concessionnaires-1024x576.webp 1024w, https:\/\/rrgsuisse.ch\/wp-content\/uploads\/2025\/04\/votre-reseau-de-concessionnaires-300x169.webp 300w, https:\/\/rrgsuisse.ch\/wp-content\/uploads\/2025\/04\/votre-reseau-de-concessionnaires-768x432.webp 768w, https:\/\/rrgsuisse.ch\/wp-content\/uploads\/2025\/04\/votre-reseau-de-concessionnaires-1536x864.webp 1536w, https:\/\/rrgsuisse.ch\/wp-content\/uploads\/2025\/04\/votre-reseau-de-concessionnaires-2048x1152.webp 2048w\" sizes=\"(max-width: 800px) 100vw, 800px\" \/>\t\t\t\t\t\t\t\t\t\t\t\t\t\t\t<\/div>\n\t\t\t\t<\/div>\n\t\t\t\t\t<\/div>\n\t\t<\/div>\n\t\t\t\t<div class=\"elementor-column elementor-col-50 elementor-inner-column elementor-element elementor-element-84ecf09\" data-id=\"84ecf09\" data-element_type=\"column\" data-e-type=\"column\">\n\t\t\t<div class=\"elementor-widget-wrap elementor-element-populated\">\n\t\t\t\t\t\t<div class=\"elementor-element elementor-element-5b52c40 elementor-widget elementor-widget-heading\" data-id=\"5b52c40\" data-element_type=\"widget\" data-e-type=\"widget\" data-widget_type=\"heading.default\">\n\t\t\t\t<div class=\"elementor-widget-container\">\n\t\t\t\t\t<h3 class=\"elementor-heading-title elementor-size-default\">nos sp\u00e9cialistes, vos besoins<\/h3>\t\t\t\t<\/div>\n\t\t\t\t<\/div>\n\t\t\t\t<div class=\"elementor-element elementor-element-bc8386c elementor-widget elementor-widget-text-editor\" data-id=\"bc8386c\" data-element_type=\"widget\" data-e-type=\"widget\" data-widget_type=\"text-editor.default\">\n\t\t\t\t<div class=\"elementor-widget-container\">\n\t\t\t\t\t\t\t\t\t<p>Simplifiez-vous la vie au travail gr\u00e2ce \u00e0 notre r\u00e9seau de concessionnaires pour les clients professionnels. Un expert de Renault vous aide volontiers \u00e0 choisir et \u00e0 \u00e9quiper votre v\u00e9hicule sp\u00e9cialement adapt\u00e9 \u00e0 vos besoins.<\/p>\t\t\t\t\t\t\t\t<\/div>\n\t\t\t\t<\/div>\n\t\t\t\t<div class=\"elementor-element elementor-element-0b0cbdd elementor-align-center elementor-widget elementor-widget-button\" data-id=\"0b0cbdd\" data-element_type=\"widget\" data-e-type=\"widget\" data-widget_type=\"button.default\">\n\t\t\t\t<div class=\"elementor-widget-container\">\n\t\t\t\t\t\t\t\t\t<div class=\"elementor-button-wrapper\">\n\t\t\t\t\t<a class=\"elementor-button elementor-button-link elementor-size-sm\" href=\"https:\/\/rrgsuisse.ch\/fr\/contact\" target=\"_blank\">\n\t\t\t\t\t\t<span class=\"elementor-button-content-wrapper\">\n\t\t\t\t\t\t\t\t\t<span class=\"elementor-button-text\">nous contacter<\/span>\n\t\t\t\t\t<\/span>\n\t\t\t\t\t<\/a>\n\t\t\t\t<\/div>\n\t\t\t\t\t\t\t\t<\/div>\n\t\t\t\t<\/div>\n\t\t\t\t\t<\/div>\n\t\t<\/div>\n\t\t\t\t\t<\/div>\n\t\t<\/section>\n\t\t\t\t\t<\/div>\n\t\t<\/div>\n\t\t\t\t\t<\/div>\n\t\t<\/section>\n\t\t\t\t<section class=\"elementor-section elementor-top-section elementor-element elementor-element-61aa641 elementor-section-boxed elementor-section-height-default elementor-section-height-default\" data-id=\"61aa641\" data-element_type=\"section\" data-e-type=\"section\">\n\t\t\t\t\t\t<div class=\"elementor-container elementor-column-gap-default\">\n\t\t\t\t\t<div class=\"elementor-column elementor-col-100 elementor-top-column elementor-element elementor-element-439ac2a\" data-id=\"439ac2a\" data-element_type=\"column\" data-e-type=\"column\">\n\t\t\t<div class=\"elementor-widget-wrap elementor-element-populated\">\n\t\t\t\t\t\t<div class=\"elementor-element elementor-element-562556e elementor-widget elementor-widget-heading\" data-id=\"562556e\" data-element_type=\"widget\" data-e-type=\"widget\" data-widget_type=\"heading.default\">\n\t\t\t\t<div class=\"elementor-widget-container\">\n\t\t\t\t\t<h5 class=\"elementor-heading-title elementor-size-default\">toujours une longueur d\u2019avance, \u00e0 vos c\u00f4t\u00e9s<\/h5>\t\t\t\t<\/div>\n\t\t\t\t<\/div>\n\t\t\t\t<div class=\"elementor-element elementor-element-81bdd72 elementor-widget elementor-widget-heading\" data-id=\"81bdd72\" data-element_type=\"widget\" data-e-type=\"widget\" data-widget_type=\"heading.default\">\n\t\t\t\t<div class=\"elementor-widget-container\">\n\t\t\t\t\t<h2 class=\"elementor-heading-title elementor-size-default\">Solutions business pour vous<\/h2>\t\t\t\t<\/div>\n\t\t\t\t<\/div>\n\t\t\t\t<div class=\"elementor-element elementor-element-4a8ef33 elementor-widget__width-initial elementor-widget elementor-widget-text-editor\" data-id=\"4a8ef33\" data-element_type=\"widget\" data-e-type=\"widget\" data-widget_type=\"text-editor.default\">\n\t\t\t\t<div class=\"elementor-widget-container\">\n\t\t\t\t\t\t\t\t\t<p>G\u00e9rez votre entreprise l\u2019esprit tranquille pendant que nos experts chevronn\u00e9s s\u2019occupent de votre mobilit\u00e9.<\/p>\t\t\t\t\t\t\t\t<\/div>\n\t\t\t\t<\/div>\n\t\t\t\t<div class=\"elementor-element elementor-element-683be94 elementor-widget elementor-widget-spacer\" data-id=\"683be94\" data-element_type=\"widget\" data-e-type=\"widget\" data-widget_type=\"spacer.default\">\n\t\t\t\t<div class=\"elementor-widget-container\">\n\t\t\t\t\t\t\t<div class=\"elementor-spacer\">\n\t\t\t<div class=\"elementor-spacer-inner\"><\/div>\n\t\t<\/div>\n\t\t\t\t\t\t<\/div>\n\t\t\t\t<\/div>\n\t\t\t\t<section class=\"elementor-section elementor-inner-section elementor-element elementor-element-4c3c290 elementor-section-boxed elementor-section-height-default elementor-section-height-default\" data-id=\"4c3c290\" data-element_type=\"section\" data-e-type=\"section\">\n\t\t\t\t\t\t<div class=\"elementor-container elementor-column-gap-default\">\n\t\t\t\t\t<div class=\"elementor-column elementor-col-50 elementor-inner-column elementor-element elementor-element-23c7724\" data-id=\"23c7724\" data-element_type=\"column\" data-e-type=\"column\">\n\t\t\t<div class=\"elementor-widget-wrap elementor-element-populated\">\n\t\t\t\t\t\t<div class=\"elementor-element elementor-element-f40b2d3 elementor-widget elementor-widget-image\" data-id=\"f40b2d3\" data-element_type=\"widget\" data-e-type=\"widget\" data-widget_type=\"image.default\">\n\t\t\t\t<div class=\"elementor-widget-container\">\n\t\t\t\t\t\t\t\t\t\t\t\t\t\t\t<img loading=\"lazy\" decoding=\"async\" width=\"800\" height=\"450\" src=\"https:\/\/rrgsuisse.ch\/wp-content\/uploads\/2025\/04\/contrat-de-service-1024x576.webp\" class=\"attachment-large size-large wp-image-43398\" alt=\"\" srcset=\"https:\/\/rrgsuisse.ch\/wp-content\/uploads\/2025\/04\/contrat-de-service-1024x576.webp 1024w, https:\/\/rrgsuisse.ch\/wp-content\/uploads\/2025\/04\/contrat-de-service-300x169.webp 300w, https:\/\/rrgsuisse.ch\/wp-content\/uploads\/2025\/04\/contrat-de-service-768x432.webp 768w, https:\/\/rrgsuisse.ch\/wp-content\/uploads\/2025\/04\/contrat-de-service-1536x864.webp 1536w, https:\/\/rrgsuisse.ch\/wp-content\/uploads\/2025\/04\/contrat-de-service.webp 2048w\" sizes=\"(max-width: 800px) 100vw, 800px\" \/>\t\t\t\t\t\t\t\t\t\t\t\t\t\t\t<\/div>\n\t\t\t\t<\/div>\n\t\t\t\t<div class=\"elementor-element elementor-element-61aa834 elementor-widget elementor-widget-heading\" data-id=\"61aa834\" data-element_type=\"widget\" data-e-type=\"widget\" data-widget_type=\"heading.default\">\n\t\t\t\t<div class=\"elementor-widget-container\">\n\t\t\t\t\t<h6 class=\"elementor-heading-title elementor-size-default\"><a href=\"https:\/\/rrgsuisse.ch\/fr\/vehicules-neufs\/gamme-vehicules-neufs-renault\/contrat-de-service-pro\">simplifiez-vous l'entretien Renault<\/a><\/h6>\t\t\t\t<\/div>\n\t\t\t\t<\/div>\n\t\t\t\t<div class=\"elementor-element elementor-element-89d72ea elementor-widget elementor-widget-heading\" data-id=\"89d72ea\" data-element_type=\"widget\" data-e-type=\"widget\" data-widget_type=\"heading.default\">\n\t\t\t\t<div class=\"elementor-widget-container\">\n\t\t\t\t\t<h4 class=\"elementor-heading-title elementor-size-default\"><a href=\"https:\/\/rrgsuisse.ch\/fr\/vehicules-neufs\/gamme-vehicules-neufs-renault\/contrat-de-service-pro\">votre contrat de service\n\n<\/a><\/h4>\t\t\t\t<\/div>\n\t\t\t\t<\/div>\n\t\t\t\t<div class=\"elementor-element elementor-element-e3e1557 elementor-align-start elementor-icon-list--layout-traditional elementor-list-item-link-full_width elementor-widget elementor-widget-icon-list\" data-id=\"e3e1557\" data-element_type=\"widget\" data-e-type=\"widget\" data-widget_type=\"icon-list.default\">\n\t\t\t\t<div class=\"elementor-widget-container\">\n\t\t\t\t\t\t\t<ul class=\"elementor-icon-list-items\">\n\t\t\t\t\t\t\t<li class=\"elementor-icon-list-item\">\n\t\t\t\t\t\t\t\t\t\t\t<a href=\"https:\/\/rrgsuisse.ch\/fr\/vehicules-neufs\/gamme-vehicules-neufs-renault\/contrat-de-service-pro\">\n\n\t\t\t\t\t\t\t\t\t\t\t\t<span class=\"elementor-icon-list-icon\">\n\t\t\t\t\t\t\t<i aria-hidden=\"true\" class=\"fas fa-angle-right\"><\/i>\t\t\t\t\t\t<\/span>\n\t\t\t\t\t\t\t\t\t\t<span class=\"elementor-icon-list-text\">choisissez votre contrat<\/span>\n\t\t\t\t\t\t\t\t\t\t\t<\/a>\n\t\t\t\t\t\t\t\t\t<\/li>\n\t\t\t\t\t\t<\/ul>\n\t\t\t\t\t\t<\/div>\n\t\t\t\t<\/div>\n\t\t\t\t\t<\/div>\n\t\t<\/div>\n\t\t\t\t<div class=\"elementor-column elementor-col-50 elementor-inner-column elementor-element elementor-element-92ba6ab\" data-id=\"92ba6ab\" data-element_type=\"column\" data-e-type=\"column\">\n\t\t\t<div class=\"elementor-widget-wrap elementor-element-populated\">\n\t\t\t\t\t\t<div class=\"elementor-element elementor-element-57fef90 elementor-widget elementor-widget-image\" data-id=\"57fef90\" data-element_type=\"widget\" data-e-type=\"widget\" data-widget_type=\"image.default\">\n\t\t\t\t<div class=\"elementor-widget-container\">\n\t\t\t\t\t\t\t\t\t\t\t\t\t\t\t<img loading=\"lazy\" decoding=\"async\" width=\"800\" height=\"450\" src=\"https:\/\/rrgsuisse.ch\/wp-content\/uploads\/2025\/04\/financement-1024x576.webp\" class=\"attachment-large size-large wp-image-43400\" alt=\"\" srcset=\"https:\/\/rrgsuisse.ch\/wp-content\/uploads\/2025\/04\/financement-1024x576.webp 1024w, https:\/\/rrgsuisse.ch\/wp-content\/uploads\/2025\/04\/financement-300x169.webp 300w, https:\/\/rrgsuisse.ch\/wp-content\/uploads\/2025\/04\/financement-768x432.webp 768w, https:\/\/rrgsuisse.ch\/wp-content\/uploads\/2025\/04\/financement-1536x864.webp 1536w, https:\/\/rrgsuisse.ch\/wp-content\/uploads\/2025\/04\/financement.webp 2048w\" sizes=\"(max-width: 800px) 100vw, 800px\" \/>\t\t\t\t\t\t\t\t\t\t\t\t\t\t\t<\/div>\n\t\t\t\t<\/div>\n\t\t\t\t<div class=\"elementor-element elementor-element-3384c7e elementor-widget elementor-widget-heading\" data-id=\"3384c7e\" data-element_type=\"widget\" data-e-type=\"widget\" data-widget_type=\"heading.default\">\n\t\t\t\t<div class=\"elementor-widget-container\">\n\t\t\t\t\t<h6 class=\"elementor-heading-title elementor-size-default\"><a href=\"https:\/\/rrgsuisse.ch\/fr\/vehicules-neufs\/gamme-vehicules-neufs-renault\/financement-pro\">g\u00e9rez votre budget<\/a><\/h6>\t\t\t\t<\/div>\n\t\t\t\t<\/div>\n\t\t\t\t<div class=\"elementor-element elementor-element-6125820 elementor-widget elementor-widget-heading\" data-id=\"6125820\" data-element_type=\"widget\" data-e-type=\"widget\" data-widget_type=\"heading.default\">\n\t\t\t\t<div class=\"elementor-widget-container\">\n\t\t\t\t\t<h4 class=\"elementor-heading-title elementor-size-default\"><a href=\"https:\/\/rrgsuisse.ch\/fr\/vehicules-neufs\/gamme-vehicules-neufs-renault\/financement-pro\">votre financement<\/a><\/h4>\t\t\t\t<\/div>\n\t\t\t\t<\/div>\n\t\t\t\t<div class=\"elementor-element elementor-element-f3503ff elementor-align-start elementor-icon-list--layout-traditional elementor-list-item-link-full_width elementor-widget elementor-widget-icon-list\" data-id=\"f3503ff\" data-element_type=\"widget\" data-e-type=\"widget\" data-widget_type=\"icon-list.default\">\n\t\t\t\t<div class=\"elementor-widget-container\">\n\t\t\t\t\t\t\t<ul class=\"elementor-icon-list-items\">\n\t\t\t\t\t\t\t<li class=\"elementor-icon-list-item\">\n\t\t\t\t\t\t\t\t\t\t\t<a href=\"https:\/\/rrgsuisse.ch\/fr\/vehicules-neufs\/gamme-vehicules-neufs-renault\/financement-pro\">\n\n\t\t\t\t\t\t\t\t\t\t\t\t<span class=\"elementor-icon-list-icon\">\n\t\t\t\t\t\t\t<i aria-hidden=\"true\" class=\"fas fa-angle-right\"><\/i>\t\t\t\t\t\t<\/span>\n\t\t\t\t\t\t\t\t\t\t<span class=\"elementor-icon-list-text\">choisissez votre financement<\/span>\n\t\t\t\t\t\t\t\t\t\t\t<\/a>\n\t\t\t\t\t\t\t\t\t<\/li>\n\t\t\t\t\t\t<\/ul>\n\t\t\t\t\t\t<\/div>\n\t\t\t\t<\/div>\n\t\t\t\t\t<\/div>\n\t\t<\/div>\n\t\t\t\t\t<\/div>\n\t\t<\/section>\n\t\t\t\t\t<\/div>\n\t\t<\/div>\n\t\t\t\t\t<\/div>\n\t\t<\/section>\n\t\t\t\t<\/div>\n\t\t","protected":false},"excerpt":{"rendered":"<p>Bonus \u00e9cologique*: jusqu&#8217;\u00e0 Fr. 5 000.\u2013 + remise flotte: jusqu&#8217;\u00e0 24 %entretien et assurance inclus*d\u00e9couvrir maintenantMASTER E-TECH ELECTRICleasing max \u00e0 0 % avec entretien et assurance inclus*d\u00e9couvrir maintenantKangoo Van E-Tech electric24 % de remise flotte plus 10 % de bonus \u00e9lectriqued\u00e9couvrir maintenantNOUVEAU TRAFIC VAN E-TECH ELECTRIC Offres pour les professionnels offres et promotions Avec nos [&hellip;]<\/p>\n","protected":false},"author":1,"featured_media":0,"parent":34063,"menu_order":0,"comment_status":"closed","ping_status":"closed","template":"","meta":{"_acf_changed":false,"footnotes":""},"categories":[88],"tags":[],"class_list":["post-43275","page","type-page","status-publish","hentry","category-headerfooter-renault"],"acf":[],"yoast_head":"<!-- This site is optimized with the Yoast SEO plugin v27.5 - https:\/\/yoast.com\/product\/yoast-seo-wordpress\/ -->\n<title>Renault PRO+ - RRG Suisse<\/title>\n<meta name=\"robots\" content=\"index, follow, max-snippet:-1, max-image-preview:large, max-video-preview:-1\" \/>\n<link rel=\"canonical\" href=\"https:\/\/rrgsuisse.ch\/fr\/vehicules-neufs\/gamme-vehicules-neufs-renault\/renault-pro\" \/>\n<meta property=\"og:locale\" content=\"fr_FR\" \/>\n<meta property=\"og:type\" content=\"article\" \/>\n<meta property=\"og:title\" content=\"Renault PRO+ - RRG Suisse\" \/>\n<meta property=\"og:description\" content=\"Bonus \u00e9cologique*: jusqu&#8217;\u00e0 Fr. 5 000.\u2013 + remise flotte: jusqu&#8217;\u00e0 24 %entretien et assurance inclus*d\u00e9couvrir maintenantMASTER E-TECH ELECTRICleasing max \u00e0 0 % avec entretien et assurance inclus*d\u00e9couvrir maintenantKangoo Van E-Tech electric24 % de remise flotte plus 10 % de bonus \u00e9lectriqued\u00e9couvrir maintenantNOUVEAU TRAFIC VAN E-TECH ELECTRIC Offres pour les professionnels offres et promotions Avec nos [&hellip;]\" \/>\n<meta property=\"og:url\" content=\"https:\/\/rrgsuisse.ch\/fr\/vehicules-neufs\/gamme-vehicules-neufs-renault\/renault-pro\" \/>\n<meta property=\"og:site_name\" content=\"RRG Suisse\" \/>\n<meta property=\"article:modified_time\" content=\"2026-04-08T09:33:26+00:00\" \/>\n<meta property=\"og:image\" content=\"https:\/\/rrgsuisse.ch\/wp-content\/uploads\/2025\/04\/image-offre-professionnels.webp\" \/>\n\t<meta property=\"og:image:width\" content=\"2560\" \/>\n\t<meta property=\"og:image:height\" content=\"1440\" \/>\n\t<meta property=\"og:image:type\" content=\"image\/webp\" \/>\n<meta name=\"twitter:card\" content=\"summary_large_image\" \/>\n<meta name=\"twitter:label1\" content=\"Est. reading time\" \/>\n\t<meta name=\"twitter:data1\" content=\"10 minutes\" \/>\n<script type=\"application\/ld+json\" class=\"yoast-schema-graph\">{\"@context\":\"https:\\\/\\\/schema.org\",\"@graph\":[{\"@type\":\"WebPage\",\"@id\":\"https:\\\/\\\/rrgsuisse.ch\\\/fr\\\/vehicules-neufs\\\/gamme-vehicules-neufs-renault\\\/renault-pro\",\"url\":\"https:\\\/\\\/rrgsuisse.ch\\\/fr\\\/vehicules-neufs\\\/gamme-vehicules-neufs-renault\\\/renault-pro\",\"name\":\"Renault PRO+ - RRG Suisse\",\"isPartOf\":{\"@id\":\"https:\\\/\\\/rrgsuisse.ch\\\/fr\\\/#website\"},\"primaryImageOfPage\":{\"@id\":\"https:\\\/\\\/rrgsuisse.ch\\\/fr\\\/vehicules-neufs\\\/gamme-vehicules-neufs-renault\\\/renault-pro#primaryimage\"},\"image\":{\"@id\":\"https:\\\/\\\/rrgsuisse.ch\\\/fr\\\/vehicules-neufs\\\/gamme-vehicules-neufs-renault\\\/renault-pro#primaryimage\"},\"thumbnailUrl\":\"https:\\\/\\\/rrgsuisse.ch\\\/wp-content\\\/uploads\\\/2025\\\/04\\\/image-offre-professionnels-1024x576.webp\",\"datePublished\":\"2025-04-24T09:28:08+00:00\",\"dateModified\":\"2026-04-08T09:33:26+00:00\",\"breadcrumb\":{\"@id\":\"https:\\\/\\\/rrgsuisse.ch\\\/fr\\\/vehicules-neufs\\\/gamme-vehicules-neufs-renault\\\/renault-pro#breadcrumb\"},\"inLanguage\":\"fr-CH\",\"potentialAction\":[{\"@type\":\"ReadAction\",\"target\":[\"https:\\\/\\\/rrgsuisse.ch\\\/fr\\\/vehicules-neufs\\\/gamme-vehicules-neufs-renault\\\/renault-pro\"]}]},{\"@type\":\"ImageObject\",\"inLanguage\":\"fr-CH\",\"@id\":\"https:\\\/\\\/rrgsuisse.ch\\\/fr\\\/vehicules-neufs\\\/gamme-vehicules-neufs-renault\\\/renault-pro#primaryimage\",\"url\":\"https:\\\/\\\/rrgsuisse.ch\\\/wp-content\\\/uploads\\\/2025\\\/04\\\/image-offre-professionnels-1024x576.webp\",\"contentUrl\":\"https:\\\/\\\/rrgsuisse.ch\\\/wp-content\\\/uploads\\\/2025\\\/04\\\/image-offre-professionnels-1024x576.webp\"},{\"@type\":\"BreadcrumbList\",\"@id\":\"https:\\\/\\\/rrgsuisse.ch\\\/fr\\\/vehicules-neufs\\\/gamme-vehicules-neufs-renault\\\/renault-pro#breadcrumb\",\"itemListElement\":[{\"@type\":\"ListItem\",\"position\":1,\"name\":\"Home\",\"item\":\"https:\\\/\\\/rrgsuisse.ch\\\/fr\"},{\"@type\":\"ListItem\",\"position\":2,\"name\":\"V\u00e9hicules neufs\",\"item\":\"https:\\\/\\\/rrgsuisse.ch\\\/fr\\\/vehicules-neufs\"},{\"@type\":\"ListItem\",\"position\":3,\"name\":\"Gamme V\u00e9hicules neufs Renault\",\"item\":\"https:\\\/\\\/rrgsuisse.ch\\\/fr\\\/vehicules-neufs\\\/gamme-vehicules-neufs-renault\"},{\"@type\":\"ListItem\",\"position\":4,\"name\":\"Renault PRO+\"}]},{\"@type\":\"WebSite\",\"@id\":\"https:\\\/\\\/rrgsuisse.ch\\\/fr\\\/#website\",\"url\":\"https:\\\/\\\/rrgsuisse.ch\\\/fr\\\/\",\"name\":\"RRG Suisse\",\"description\":\"Retail Renault Group - Revendeur officiel Renault, Dacia, Nissan\",\"potentialAction\":[{\"@type\":\"SearchAction\",\"target\":{\"@type\":\"EntryPoint\",\"urlTemplate\":\"https:\\\/\\\/rrgsuisse.ch\\\/fr\\\/?s={search_term_string}\"},\"query-input\":{\"@type\":\"PropertyValueSpecification\",\"valueRequired\":true,\"valueName\":\"search_term_string\"}}],\"inLanguage\":\"fr-CH\"}]}<\/script>\n<!-- \/ Yoast SEO plugin. -->","yoast_head_json":{"title":"Renault PRO+ - RRG Suisse","robots":{"index":"index","follow":"follow","max-snippet":"max-snippet:-1","max-image-preview":"max-image-preview:large","max-video-preview":"max-video-preview:-1"},"canonical":"https:\/\/rrgsuisse.ch\/fr\/vehicules-neufs\/gamme-vehicules-neufs-renault\/renault-pro","og_locale":"fr_FR","og_type":"article","og_title":"Renault PRO+ - RRG Suisse","og_description":"Bonus \u00e9cologique*: jusqu&#8217;\u00e0 Fr. 5 000.\u2013 + remise flotte: jusqu&#8217;\u00e0 24 %entretien et assurance inclus*d\u00e9couvrir maintenantMASTER E-TECH ELECTRICleasing max \u00e0 0 % avec entretien et assurance inclus*d\u00e9couvrir maintenantKangoo Van E-Tech electric24 % de remise flotte plus 10 % de bonus \u00e9lectriqued\u00e9couvrir maintenantNOUVEAU TRAFIC VAN E-TECH ELECTRIC Offres pour les professionnels offres et promotions Avec nos [&hellip;]","og_url":"https:\/\/rrgsuisse.ch\/fr\/vehicules-neufs\/gamme-vehicules-neufs-renault\/renault-pro","og_site_name":"RRG Suisse","article_modified_time":"2026-04-08T09:33:26+00:00","og_image":[{"width":2560,"height":1440,"url":"https:\/\/rrgsuisse.ch\/wp-content\/uploads\/2025\/04\/image-offre-professionnels.webp","type":"image\/webp"}],"twitter_card":"summary_large_image","twitter_misc":{"Est. reading time":"10 minutes"},"schema":{"@context":"https:\/\/schema.org","@graph":[{"@type":"WebPage","@id":"https:\/\/rrgsuisse.ch\/fr\/vehicules-neufs\/gamme-vehicules-neufs-renault\/renault-pro","url":"https:\/\/rrgsuisse.ch\/fr\/vehicules-neufs\/gamme-vehicules-neufs-renault\/renault-pro","name":"Renault PRO+ - RRG Suisse","isPartOf":{"@id":"https:\/\/rrgsuisse.ch\/fr\/#website"},"primaryImageOfPage":{"@id":"https:\/\/rrgsuisse.ch\/fr\/vehicules-neufs\/gamme-vehicules-neufs-renault\/renault-pro#primaryimage"},"image":{"@id":"https:\/\/rrgsuisse.ch\/fr\/vehicules-neufs\/gamme-vehicules-neufs-renault\/renault-pro#primaryimage"},"thumbnailUrl":"https:\/\/rrgsuisse.ch\/wp-content\/uploads\/2025\/04\/image-offre-professionnels-1024x576.webp","datePublished":"2025-04-24T09:28:08+00:00","dateModified":"2026-04-08T09:33:26+00:00","breadcrumb":{"@id":"https:\/\/rrgsuisse.ch\/fr\/vehicules-neufs\/gamme-vehicules-neufs-renault\/renault-pro#breadcrumb"},"inLanguage":"fr-CH","potentialAction":[{"@type":"ReadAction","target":["https:\/\/rrgsuisse.ch\/fr\/vehicules-neufs\/gamme-vehicules-neufs-renault\/renault-pro"]}]},{"@type":"ImageObject","inLanguage":"fr-CH","@id":"https:\/\/rrgsuisse.ch\/fr\/vehicules-neufs\/gamme-vehicules-neufs-renault\/renault-pro#primaryimage","url":"https:\/\/rrgsuisse.ch\/wp-content\/uploads\/2025\/04\/image-offre-professionnels-1024x576.webp","contentUrl":"https:\/\/rrgsuisse.ch\/wp-content\/uploads\/2025\/04\/image-offre-professionnels-1024x576.webp"},{"@type":"BreadcrumbList","@id":"https:\/\/rrgsuisse.ch\/fr\/vehicules-neufs\/gamme-vehicules-neufs-renault\/renault-pro#breadcrumb","itemListElement":[{"@type":"ListItem","position":1,"name":"Home","item":"https:\/\/rrgsuisse.ch\/fr"},{"@type":"ListItem","position":2,"name":"V\u00e9hicules neufs","item":"https:\/\/rrgsuisse.ch\/fr\/vehicules-neufs"},{"@type":"ListItem","position":3,"name":"Gamme V\u00e9hicules neufs Renault","item":"https:\/\/rrgsuisse.ch\/fr\/vehicules-neufs\/gamme-vehicules-neufs-renault"},{"@type":"ListItem","position":4,"name":"Renault PRO+"}]},{"@type":"WebSite","@id":"https:\/\/rrgsuisse.ch\/fr\/#website","url":"https:\/\/rrgsuisse.ch\/fr\/","name":"RRG Suisse","description":"Retail Renault Group - Revendeur officiel Renault, Dacia, Nissan","potentialAction":[{"@type":"SearchAction","target":{"@type":"EntryPoint","urlTemplate":"https:\/\/rrgsuisse.ch\/fr\/?s={search_term_string}"},"query-input":{"@type":"PropertyValueSpecification","valueRequired":true,"valueName":"search_term_string"}}],"inLanguage":"fr-CH"}]}},"wpml_current_locale":"fr_CH","wpml_translations":{"de_CH":{"locale":"de_CH","id":43276,"slug":"renault-pro","post_title":"Renault PRO+","href":"https:\/\/rrgsuisse.ch\/de\/neuwagen\/renault-neuwagen-modellpalette\/renault-pro"}},"_links":{"self":[{"href":"https:\/\/rrgsuisse.ch\/fr\/wp-json\/wp\/v2\/pages\/43275","targetHints":{"allow":["GET"]}}],"collection":[{"href":"https:\/\/rrgsuisse.ch\/fr\/wp-json\/wp\/v2\/pages"}],"about":[{"href":"https:\/\/rrgsuisse.ch\/fr\/wp-json\/wp\/v2\/types\/page"}],"author":[{"embeddable":true,"href":"https:\/\/rrgsuisse.ch\/fr\/wp-json\/wp\/v2\/users\/1"}],"replies":[{"embeddable":true,"href":"https:\/\/rrgsuisse.ch\/fr\/wp-json\/wp\/v2\/comments?post=43275"}],"version-history":[{"count":82,"href":"https:\/\/rrgsuisse.ch\/fr\/wp-json\/wp\/v2\/pages\/43275\/revisions"}],"predecessor-version":[{"id":49500,"href":"https:\/\/rrgsuisse.ch\/fr\/wp-json\/wp\/v2\/pages\/43275\/revisions\/49500"}],"up":[{"embeddable":true,"href":"https:\/\/rrgsuisse.ch\/fr\/wp-json\/wp\/v2\/pages\/34063"}],"wp:attachment":[{"href":"https:\/\/rrgsuisse.ch\/fr\/wp-json\/wp\/v2\/media?parent=43275"}],"wp:term":[{"taxonomy":"category","embeddable":true,"href":"https:\/\/rrgsuisse.ch\/fr\/wp-json\/wp\/v2\/categories?post=43275"},{"taxonomy":"post_tag","embeddable":true,"href":"https:\/\/rrgsuisse.ch\/fr\/wp-json\/wp\/v2\/tags?post=43275"}],"curies":[{"name":"wp","href":"https:\/\/api.w.org\/{rel}","templated":true}]}}